{"id":843,"date":"2019-11-03T09:08:59","date_gmt":"2019-11-03T09:08:59","guid":{"rendered":"https:\/\/comportements.ch\/?page_id=843"},"modified":"2019-11-23T15:36:55","modified_gmt":"2019-11-23T15:36:55","slug":"journal-architecture-behaviour-2","status":"publish","type":"page","link":"https:\/\/comportements.ch\/en\/journal-architecture-behaviour-2\/","title":{"rendered":"Journal Architecture &#038; Behaviour"},"content":{"rendered":"\n<p><strong>FREE ACCESS AND DOWNLOADING OF  ALL ARTICLES OF THE JOURNAL <em>ARCHITECTURE &amp; COMPORTEMENT \/ ARCHITECTURE &amp; BEHAVIOUR<\/em><\/strong><\/p>\n\n\n\n<p>Architecture &amp; Behaviour is a scientific quaterly that was published by the <em>Association de la revue Architecture &amp; Comportement<\/em> (EPFL, Lausanne, Suisse) from 1981 to 1995 on all aspects of the relationship between the built environment and its users (articles in English and  in French &#8211; with summaries in both languages). In 1995, despite subscribers in over 30 countries, &nbsp;publication ended as restrictions on subsidies made it impossible to pursue this academic adventure.<\/p>\n\n\n\n<p><strong>Editorial board of Architecture &amp; Comportement \/ Architecture &amp; Behaviour:<\/strong><\/p>\n\n\n\n<p>Editor: &nbsp;Kaj Noschis , <em>Federal Institute of Technology Lausanne<\/em><\/p>\n\n\n\n<p>Editorial Board : Michel Bassand, Jacques Gubler and Peter von Meiss (all,<em> Federal Institute of Technology Lausanne<\/em>)<\/p>\n\n\n\n<p>Advisory Board : Gilles Barbey (Lausanne), Yvonne Bernard (Paris), Philippe Boudon (Paris), David Canter (Guilford), Paul-Henri Chombart-de-Lauwe (Paris), R\u00e9my Droz (Lausanne), Jan Gehl (Copenhague), Robert Gutman (Princeton), Roger Hart (New York), Nicole Haumont (Paris), Bill Hillier (London), Alexander Henz (Zurich), Roderick Lawrence (Geneva), Adrain Leaman (London), Terence Lee (Guilford), Claude L\u00e9vy-Leboyer (Paris), Alan Lipman (Cardiff). William Michelson (Irvine), Werner Oechslin (Zurich), Jacqueline Palmade (Paris), Roger Perrinjaquet (Lausanne), Amos Rapoport (Milwaukee), Jean R\u00e9my (Louvain-la-Neuve), Balwant Saini (St.Lucia, Australia), Pierre Sansot (Montpellier), Liliane Voy\u00e9 (Louvain-la-Neuve)<\/p>\n\n\n\n<p><strong>To follow up with demands from researchers and readers, all issues of Architecture &amp; Behaviour published between 1981 and 1995 are now available for free of charge reading and &nbsp;down-loading in PDF format here underneath. &nbsp;Just click on the PDF icon next to each article for reading or downloading it. (A subsidy from the Cooperation unit, Federal Institute of Technology in Lausanne has made this possible).<\/strong><\/p>\n\n\n\n<p>The complete <strong>Table of contents of authors<\/strong> <strong>in alphabetical order<\/strong>, with the indication of the volume and the issue of each artcile can be viewed and downloaded here (<a href=\"https:\/\/comportements.ch\/wp-content\/uploads\/2019\/11\/VOLUMESACAB.pdf\" target=\"_blank\" rel=\"noreferrer noopener\" aria-label=\"Table (s\u2019ouvre dans un nouvel onglet)\">Table<\/a>).<\/p>\n\n\n<p><strong>Volume 1 (1981-82), n\u00b0 1<\/strong><\/p>\n<p>(<a href=\"https:\/\/www.epfl.ch\/labs\/lasur\/wp-content\/uploads\/2018\/05\/LAWRENCE.pdf\" target=\"_blank\" rel=\"noreferrer noopener\" aria-label=\"pdf (s\u2019ouvre dans un nouvel onglet)\">pdf<\/a>) LAWRENCE, Roderick J., Habitat ouvrier et r\u00e9formes sanitaires en Angleterre, p. 3-18<\/p>\n<p>(<a href=\"https:\/\/www.epfl.ch\/labs\/lasur\/wp-content\/uploads\/2018\/05\/HELLER.pdf\" target=\"_blank\" rel=\"noreferrer noopener\" aria-label=\"pdf (s\u2019ouvre dans un nouvel onglet)\">pdf<\/a>) HELLER, Genevi\u00e8ve, Un environnement salubre pour une vie saine, p. 19-34<\/p>\n<p>(<a href=\"https:\/\/www.epfl.ch\/labs\/lasur\/wp-content\/uploads\/2018\/05\/AUBRYand-BEVILACQUA.pdf\" target=\"_blank\" rel=\"noreferrer noopener\" aria-label=\"pdf (s\u2019ouvre dans un nouvel onglet)\">pdf<\/a>) AUBRY, Fr\u00e9d\u00e9ric &amp; BEVILACQUA, Mario, Constructions rurales du Canton de Vaud \/ Rural Constructions of the Vaud Canton, p. 35-48<\/p>\n<p>(<a href=\"https:\/\/www.epfl.ch\/labs\/lasur\/wp-content\/uploads\/2018\/05\/MACDONALD.pdf\" target=\"_blank\" rel=\"noreferrer noopener\" aria-label=\"pdf (s\u2019ouvre dans un nouvel onglet)\">pdf<\/a>) MACDONALD, Robert, A Study Inside the English Working-Class Home, p.49-64<\/p>\n<p>(<a href=\"https:\/\/www.epfl.ch\/labs\/lasur\/wp-content\/uploads\/2018\/05\/RAPOPORT.pdf\" target=\"_blank\" rel=\"noreferrer noopener\" aria-label=\"lien (s\u2019ouvre dans un nouvel onglet)\">pdf<\/a>) RAPOPORT, Amos, Neighbourhood Heterogeneity or Homogeneity, p. 65-77<\/p>\n<p><strong>Volume 1 (1981-82), n\u00b0 2<\/strong><\/p>\n<p>(<a href=\"https:\/\/www.epfl.ch\/labs\/lasur\/wp-content\/uploads\/2018\/05\/MARTINON.pdf\" target=\"_blank\" rel=\"noreferrer noopener\" aria-label=\"pdf (s\u2019ouvre dans un nouvel onglet)\">pdf<\/a>) MARTINON, Jean-Pierre, Syst\u00e8mes de l\u2019h\u00e9t\u00e9roclite et de l\u2019\u00e9ph\u00e9m\u00e8re, p. 83-102<\/p>\n<p>(<a href=\"https:\/\/www.epfl.ch\/labs\/lasur\/wp-content\/uploads\/2018\/05\/PERIEANEZ.pdf\" target=\"_blank\" rel=\"noreferrer noopener\" aria-label=\"pdf (s\u2019ouvre dans un nouvel onglet)\">pdf<\/a>) PERIEANEZ, Manuel, L\u2019autre habitat: la part du r\u00eave, p. 103-122<\/p>\n<p>(<a href=\"https:\/\/www.epfl.ch\/labs\/lasur\/wp-content\/uploads\/2018\/05\/AUBRYandBEVILACQUA2.pdf\" target=\"_blank\" rel=\"noreferrer noopener\" aria-label=\"pdf (s\u2019ouvre dans un nouvel onglet)\">pdf<\/a>) AUBRY, Fr\u00e9d\u00e9ric &amp; BEVILACQUA, Mario, Constructions rurales du Canton de Vaud II \/ Rural Constructions of the Vaud Canton II, p.123-134<\/p>\n<p>(<a href=\"https:\/\/www.epfl.ch\/labs\/lasur\/wp-content\/uploads\/2018\/05\/HARRISandLIPMAN.pdf\" target=\"_blank\" rel=\"noreferrer noopener\" aria-label=\"pdf (s\u2019ouvre dans un nouvel onglet)\">pdf<\/a>) HARRIS, Howard &amp; LIPMAN, Alan, Architecture &amp; Knowledge: Control or Understanding, p. 135-148<\/p>\n<p>(<a href=\"https:\/\/www.epfl.ch\/labs\/lasur\/wp-content\/uploads\/2018\/05\/NOSCHIS.pdf\" target=\"_blank\" rel=\"noreferrer noopener\" aria-label=\"pdf (s\u2019ouvre dans un nouvel onglet)\">pdf<\/a>) NOSCHIS, Kaj, Architects and Psychology, p. 149-164<\/p>\n<p><strong>Volume 1 (1981-82), n\u00b0 3&amp;4<\/strong><\/p>\n<p>(<a href=\"https:\/\/www.epfl.ch\/labs\/lasur\/wp-content\/uploads\/2018\/05\/BASSANDand-RYSER_fr.pdf\" target=\"_blank\" rel=\"noreferrer noopener\" aria-label=\"pdf (s\u2019ouvre dans un nouvel onglet)\">pdf<\/a>) BASSAND, Michel &amp; RYSER, Judith. (fr), La mise en oeuvre des politiques publiques relatives \u00e0 l\u2019espace: probl\u00e9matique, p. 185-192<\/p>\n<p>(<a href=\"https:\/\/www.epfl.ch\/labs\/lasur\/wp-content\/uploads\/2018\/05\/BASSANDand-RYSER_en.pdf\" target=\"_blank\" rel=\"noreferrer noopener\" aria-label=\"pdf (s\u2019ouvre dans un nouvel onglet)\">pdf<\/a>) BASSAND, Michel &amp; RYSER, Judith. (en), The Implementation of Public Policy Concerning Space: a General Outline, p. 193-203\u00a0<\/p>\n<p>(<a href=\"https:\/\/www.epfl.ch\/labs\/lasur\/wp-content\/uploads\/2018\/05\/MARTINON.pdf\" target=\"_blank\" rel=\"noreferrer noopener\" aria-label=\"pdf (s\u2019ouvre dans un nouvel onglet)\">pdf<\/a>) MARTINON, Jean-Pierre, Elaboration et mise en oeuvre du projet architectural, p. 203-216<\/p>\n<p>(<a href=\"https:\/\/www.epfl.ch\/labs\/lasur\/wp-content\/uploads\/2018\/05\/MLINAR.pdf\" target=\"_blank\" rel=\"noreferrer noopener\" aria-label=\"pdf (s\u2019ouvre dans un nouvel onglet)\">pdf<\/a>) MLINAR, Zdravko, Social Research and Development Policy Implementation, p. 217-228<\/p>\n<p>(<a href=\"https:\/\/www.epfl.ch\/labs\/lasur\/wp-content\/uploads\/2018\/05\/DAVIES.pdf\" target=\"_blank\" rel=\"noreferrer noopener\" aria-label=\"pdf (s\u2019ouvre dans un nouvel onglet)\">pdf<\/a>) DAVIES, Tom, Methodological Problems in Implementation Research, p. 229-238<\/p>\n<p>(<a href=\"https:\/\/www.epfl.ch\/labs\/lasur\/wp-content\/uploads\/2018\/05\/HILL.pdf\" target=\"_blank\" rel=\"noreferrer noopener\" aria-label=\"pdf (s\u2019ouvre dans un nouvel onglet)\">pdf<\/a>) HILL, Michael, Recent Developments in the Study of Implementation in Britain, p. 239-250<\/p>\n<p>(<a href=\"https:\/\/www.epfl.ch\/labs\/lasur\/wp-content\/uploads\/2018\/05\/QUEVIT.pdf\" target=\"_blank\" rel=\"noreferrer noopener\">pdf<\/a>) QUEVIT, Michael, Crise \u00e9conomique et politiques r\u00e9gionales en Europe, p. 251-272<\/p>\n<p>(<a href=\"https:\/\/www.epfl.ch\/labs\/lasur\/wp-content\/uploads\/2018\/05\/BRUGGER.pdf\" target=\"_blank\" rel=\"noreferrer noopener\" aria-label=\"pdf (s\u2019ouvre dans un nouvel onglet)\">pdf<\/a>) BRUGGER, Ernst A., Implementation Problems of Regional Policy, p. 273-286<\/p>\n<p>(<a href=\"https:\/\/www.epfl.ch\/labs\/lasur\/wp-content\/uploads\/2018\/05\/KNOEPFEL.pdf\" target=\"_blank\" rel=\"noreferrer noopener\" aria-label=\"pdf (s\u2019ouvre dans un nouvel onglet)\">pdf<\/a>) KNOEPFEL, Peter, Conceiving Comparative Policy Analysis, p. 287-308<\/p>\n<p>(<a href=\"https:\/\/www.epfl.ch\/labs\/lasur\/wp-content\/uploads\/2018\/05\/BASSAND_CHEVALIERandZIMMERMANN.pdf\" target=\"_blank\" rel=\"noreferrer noopener\" aria-label=\"pdf (s\u2019ouvre dans un nouvel onglet)\">pdf<\/a>) BASSAND, Michel, CHEVALIER, G\u00e9rard &amp; ZIMMERMANN, Erwin, La mise en oeuvre d\u2019une politique de logement, p. 309-330<\/p>\n<p>(<a href=\"https:\/\/www.epfl.ch\/labs\/lasur\/wp-content\/uploads\/2018\/05\/BURNIERandSTUSSI.pdf\" target=\"_blank\" rel=\"noreferrer noopener\" aria-label=\"pdf (s\u2019ouvre dans un nouvel onglet)\">pdf<\/a>) BURNIER, Th\u00e9r\u00e8se &amp; ST\u00dcSSI, Robert, La mise en oeuvre de la politique des routes nationales en Suisse, p. 331-346,<\/p>\n<p><strong>Volume 2 (1982-86), n\u00b0 1<\/strong><\/p>\n<p>(<a href=\"https:\/\/www.epfl.ch\/labs\/lasur\/wp-content\/uploads\/2018\/05\/HANSONand-HILLIER.pdf\" target=\"_blank\" rel=\"noreferrer noopener\" aria-label=\"pdf (s\u2019ouvre dans un nouvel onglet)\">pdf<\/a>) HANSON, Julienne &amp; HILLIER, Bill, Domestic Space Organisation, p. 5-26<\/p>\n<p>(<a href=\"https:\/\/www.epfl.ch\/labs\/lasur\/wp-content\/uploads\/2018\/05\/GAUVAINandALTMAN.pdf\" target=\"_blank\" rel=\"noreferrer noopener\" aria-label=\"pdf (s\u2019ouvre dans un nouvel onglet)\">pdf<\/a>) GAUVAIN, Mary &amp; ALTMAN, Irvin, A Cross-cultural Analysis of Homes, p. 27-46<\/p>\n<p>(<a href=\"https:\/\/www.epfl.ch\/labs\/lasur\/wp-content\/uploads\/2018\/05\/CALABIL.pdf\" target=\"_blank\" rel=\"noreferrer noopener\" aria-label=\"pdf (s\u2019ouvre dans un nouvel onglet)\">pdf<\/a>) CALABI, Donatella, L\u2019architecture domestique anglaise \/English Domestic Architecture, p.47-58<\/p>\n<p>(<a href=\"https:\/\/www.epfl.ch\/labs\/lasur\/wp-content\/uploads\/2018\/05\/CHOMBART_DE_LAUWE.pdf\" target=\"_blank\" rel=\"noreferrer noopener\" aria-label=\"pdf (s\u2019ouvre dans un nouvel onglet)\">pdf<\/a>) CHOMBART de LAUWE, Paul-Henry, Planification urbaine et m\u00e9diation des sciences humaines, p. 59-68<\/p>\n<p>(<a href=\"https:\/\/www.epfl.ch\/labs\/lasur\/wp-content\/uploads\/2018\/05\/GUBLER.pdf\" target=\"_blank\" rel=\"noreferrer noopener\" aria-label=\"pdf (s\u2019ouvre dans un nouvel onglet)\">pdf<\/a>) GUBLER, Jacques, Architecture et colonialisme: safari historique, p. 69-90<\/p>\n<p><strong>Volume 2 (1982-86), n\u00b0 2<br \/><\/strong><br \/>(<a href=\"https:\/\/www.epfl.ch\/labs\/lasur\/wp-content\/uploads\/2018\/05\/KNOX.pdf\" target=\"_blank\" rel=\"noreferrer noopener\" aria-label=\"pdf (s\u2019ouvre dans un nouvel onglet)\">pdf<\/a>) KNOX, Paul L., Symbolism, Styles and Settings, p. 107-122<\/p>\n<p>(<a href=\"https:\/\/www.epfl.ch\/labs\/lasur\/wp-content\/uploads\/2018\/05\/SPENCERandBANERJI.pdf\" target=\"_blank\" rel=\"noreferrer noopener\" aria-label=\"pdf (s\u2019ouvre dans un nouvel onglet)\">pdf<\/a>) SPENCER, Christopher &amp; BANERJI, Nicole, Strategies for Sharing Student Accommodation, p. 123-136<\/p>\n<p>(<a href=\"https:\/\/www.epfl.ch\/labs\/lasur\/wp-content\/uploads\/2018\/05\/KOLEHMAINEN.pdf\" target=\"_blank\" rel=\"noreferrer noopener\" aria-label=\"pdf (s\u2019ouvre dans un nouvel onglet)\">pdf<\/a>) KOLEHMAINEN, Alfred, Ferme traditionnelle en Car\u00e9lie \/ A Traditional Farm in Carelia, p. 137-150<\/p>\n<p>(<a href=\"https:\/\/www.epfl.ch\/labs\/lasur\/wp-content\/uploads\/2018\/05\/BASSAND.pdf\" target=\"_blank\" rel=\"noreferrer noopener\" aria-label=\"pdf (s\u2019ouvre dans un nouvel onglet)\">pdf<\/a>) BASSAND, Michel, Le kal\u00e9idoscope urbain, p. 151-170<\/p>\n<p>(<a href=\"https:\/\/www.epfl.ch\/labs\/lasur\/wp-content\/uploads\/2018\/05\/BARBEYand-KOROSEC-SERFATY.pdf\" target=\"_blank\" rel=\"noreferrer noopener\" aria-label=\"pdf (s\u2019ouvre dans un nouvel onglet)\">pdf<\/a>) BARBEY, Gilles &amp; KOROSEC-SERFATY, Perla, Une chambre, p. 171-182<\/p>\n<p><strong>Volume 2 (1982-86), n\u00b0 3&amp;4<\/strong><\/p>\n<p>(<a href=\"https:\/\/www.epfl.ch\/labs\/lasur\/wp-content\/uploads\/2018\/05\/HAUMONT_Introduction_fr.pdf\" target=\"_blank\" rel=\"noreferrer noopener\" aria-label=\"pdf (s\u2019ouvre dans un nouvel onglet)\">pdf<\/a>) HAUMONT, Nicole, Habitats et soci\u00e9t\u00e9s, p. 197-201<\/p>\n<p>(<a href=\"https:\/\/www.epfl.ch\/labs\/lasur\/wp-content\/uploads\/2018\/05\/HAUMONT_Introduction_en.pdf\" target=\"_blank\" rel=\"noreferrer noopener\" aria-label=\"pdf) (s\u2019ouvre dans un nouvel onglet)\">pdf)<\/a>\u00a0HAUMONT, Nicole, Habitats and societies, p. 202-206<\/p>\n<p>(<a href=\"https:\/\/www.epfl.ch\/labs\/lasur\/wp-content\/uploads\/2018\/05\/GRIMAUD.pdf\" target=\"_blank\" rel=\"noreferrer noopener\" aria-label=\"pdf (s\u2019ouvre dans un nouvel onglet)\">pdf<\/a>) GRIMAUD, Vincent, Soci\u00e9t\u00e9 hi\u00e9rarchique et habitat en Inde, p. 207-228<\/p>\n<p>(<a href=\"https:\/\/www.epfl.ch\/labs\/lasur\/wp-content\/uploads\/2018\/05\/BAUHAIN.pdf\" target=\"_blank\" rel=\"noreferrer noopener\" aria-label=\"pdf (s\u2019ouvre dans un nouvel onglet)\">pdf<\/a>) BAUHAIN, Claude Mme, L\u2019habitation japonaise \u2013 tradition et modernit\u00e9, p. 229-260<\/p>\n<p>(<a href=\"https:\/\/www.epfl.ch\/labs\/lasur\/wp-content\/uploads\/2018\/05\/OSMONT.pdf\" target=\"_blank\" rel=\"noreferrer noopener\" aria-label=\"pdf (s\u2019ouvre dans un nouvel onglet)\">pdf<\/a>) OSMONT, Annik, Transformation des espaces habit\u00e9s \u00e0 Dakar: Adaptations fonctionnelles ou r\u00e9-interpr\u00e9tations culturelles? p. 261-300<\/p>\n<p>(<a href=\"https:\/\/www.epfl.ch\/labs\/lasur\/wp-content\/uploads\/2018\/05\/DEPAULEandNOWEIR.pdf\">pdf<\/a>) DEPAULE, Jean-Charles &amp; NOWEIR, Sawsan, Balcons au Caire \u2013 Les relations de l\u2019int\u00e9rieur et de l\u2019ext\u00e9rieur dans l\u2019habitat populaire, p. 301-321<\/p>\n<p><strong>Volume 3 (1986-87), n\u00b0 1<\/strong><\/p>\n<p>(<a href=\"https:\/\/www.epfl.ch\/labs\/lasur\/wp-content\/uploads\/2018\/05\/SEBBAandCHURCHMAN.pdf\" target=\"_blank\" rel=\"noreferrer noopener\" aria-label=\"pdf (s\u2019ouvre dans un nouvel onglet)\">pdf<\/a>) SEBBA, Rachel &amp; CHURCHMAN, Arza, The Uniqueness of the Home, p. 7-24<\/p>\n<p>(<a href=\"https:\/\/www.epfl.ch\/labs\/lasur\/wp-content\/uploads\/2018\/05\/ELLIS.pdf\" target=\"_blank\" rel=\"noreferrer noopener\" aria-label=\"pdf (s\u2019ouvre dans un nouvel onglet)\">pdf<\/a>) ELLIS, W. Russell, Architects\u2019 People: The Case of Frank Lloyd Wright, p. 25-36<\/p>\n<p>(<a href=\"https:\/\/www.epfl.ch\/labs\/lasur\/wp-content\/uploads\/2018\/05\/NEUMANN.pdf\" target=\"_blank\" rel=\"noreferrer noopener\" aria-label=\"pdf (s\u2019ouvre dans un nouvel onglet)\">pdf<\/a>) NEUMANN, Naomi S., Semiotics of Architectural Ornament, p. 37-54<\/p>\n<p>(<a href=\"https:\/\/www.epfl.ch\/labs\/lasur\/wp-content\/uploads\/2018\/05\/JUAN.pdf\" target=\"_blank\" rel=\"noreferrer noopener\" aria-label=\"pdf (s\u2019ouvre dans un nouvel onglet)\">pdf<\/a>) JUAN, Salvador, Le temps et l\u2019espace de la maison solaire, p. 55-70<\/p>\n<p>(<a href=\"https:\/\/www.epfl.ch\/labs\/lasur\/wp-content\/uploads\/2018\/05\/PERRINJAQUET_AMPHOUXandBASSAND.pdf\" target=\"_blank\" rel=\"noreferrer noopener\" aria-label=\"pdf (s\u2019ouvre dans un nouvel onglet)\">pdf<\/a>) PERRINJAQUET, Roger &amp; AMPHOUX, Pascal &amp; BASSAND, Michel, Les usages du temps et le monde des objets dans le logement de demain, p. 71-86<\/p>\n<p><strong>Volume 3 (1986-87), n\u00b0 2<\/strong><\/p>\n<p>(<a href=\"https:\/\/www.epfl.ch\/labs\/lasur\/wp-content\/uploads\/2018\/05\/MOLEY.pdf\" target=\"_blank\" rel=\"noreferrer noopener\" aria-label=\"pdf (s\u2019ouvre dans un nouvel onglet)\">pdf<\/a>) MOLEY, Christian, La place de l\u2019eau dans l\u2019espace domestique, p. 103-116<\/p>\n<p>(<a href=\"https:\/\/www.epfl.ch\/labs\/lasur\/wp-content\/uploads\/2018\/05\/ELEB-VIDALandDEBARRE-BLANCHARD.pdf\" target=\"_blank\" rel=\"noreferrer noopener\" aria-label=\"pdf (s\u2019ouvre dans un nouvel onglet)\">pdf<\/a>) ELEB-VIDAL, Monique &amp; DEBARRE-BLANCHARD, Anne, Art et savoir de la distribution des habitations, p. 117-136<\/p>\n<p>(<a href=\"https:\/\/www.epfl.ch\/labs\/lasur\/wp-content\/uploads\/2018\/05\/LAPINTIE.pdf\" target=\"_blank\" rel=\"noreferrer noopener\" aria-label=\"pdf (s\u2019ouvre dans un nouvel onglet)\">pdf<\/a>) LAPINTIE, Kimmo, The Imaginative Eye, p. 137-158<\/p>\n<p>(<a href=\"https:\/\/www.epfl.ch\/labs\/lasur\/wp-content\/uploads\/2018\/05\/STUDERandVAN_VLIET.pdf\" target=\"_blank\" rel=\"noreferrer noopener\" aria-label=\"pdf (s\u2019ouvre dans un nouvel onglet)\">pdf<\/a>) STUDER, Raymond&amp; VAN VLIET, Willem, Sociophysical Congruence as a Problem of Supply and Demand, p. 159-174<\/p>\n<p><strong>Volume 3 (1986-87), n\u00b0 3<\/strong><\/p>\n<p>(<a href=\"https:\/\/www.epfl.ch\/labs\/lasur\/wp-content\/uploads\/2018\/05\/HILLIERandHANSON_en.pdf\" target=\"_blank\" rel=\"noreferrer noopener\" aria-label=\"pdf (s\u2019ouvre dans un nouvel onglet)\">pdf<\/a>) HILLIER, Bill &amp; HANSON, Julienne, A Second Paradigm, p. 197-199<\/p>\n<p>(<a href=\"https:\/\/www.epfl.ch\/labs\/lasur\/wp-content\/uploads\/2018\/05\/HILLIERand-HANSON_fr.pdf\" target=\"_blank\" rel=\"noreferrer noopener\" aria-label=\"pdf (s\u2019ouvre dans un nouvel onglet)\">pdf<\/a>) HILLIER, Bill &amp; HANSON, Julienne, Un second paradigme, p. 201-203<\/p>\n<p>(<a href=\"https:\/\/www.epfl.ch\/labs\/lasur\/wp-content\/uploads\/2018\/05\/HILLIER.pdf\" target=\"_blank\" rel=\"noreferrer noopener\" aria-label=\"pdf (s\u2019ouvre dans un nouvel onglet)\">pdf<\/a>) HILLIER, Bill, La morphologie de l\u2019espace urbain, p. 205-216<\/p>\n<p>(<a href=\"https:\/\/www.epfl.ch\/labs\/lasur\/wp-content\/uploads\/2018\/05\/HILLIER_HANSON_PEPONIS.pdf\" target=\"_blank\" rel=\"noreferrer noopener\" aria-label=\"pdf (s\u2019ouvre dans un nouvel onglet)\">pdf<\/a>) HILLIER, Bill &amp; HANSON, Julienne &amp; PEPONIS, John, Syntactic Analysis of Settlements, p. 217-231<\/p>\n<p>(<a href=\"https:\/\/www.epfl.ch\/labs\/lasur\/wp-content\/uploads\/2018\/05\/HILLIER_-BURDETT_PEPONISandPENN.pdf\" target=\"_blank\" rel=\"noreferrer noopener\" aria-label=\"pdf (s\u2019ouvre dans un nouvel onglet)\">pdf<\/a>) HILLIER, Bill &amp; BURDETT, Richard &amp; PEPONIS, John &amp; PENN, Alan, Creating Life: Or, Does Architecture Determine Anything? p. 233-250<\/p>\n<p>(<a href=\"https:\/\/www.epfl.ch\/labs\/lasur\/wp-content\/uploads\/2018\/05\/HANSONandHILLIER.pdf\" target=\"_blank\" rel=\"noreferrer noopener\" aria-label=\"pdf (s\u2019ouvre dans un nouvel onglet)\">pdf<\/a>) HANSON, Julienne &amp; HILLIER, Bill, The Architecture of Community, p. 251-273<\/p>\n<p><strong>Volume 3 (1986-87), n\u00b0 4<\/strong><\/p>\n<p>(<a href=\"https:\/\/www.epfl.ch\/labs\/lasur\/wp-content\/uploads\/2018\/05\/HOCKINGS.pdf\" target=\"_blank\" rel=\"noreferrer noopener\" aria-label=\"pdf (s\u2019ouvre dans un nouvel onglet)\">pdf<\/a>) HOCKINGS, John, Built Form and Culture, p. 281-300<\/p>\n<p>(<a href=\"https:\/\/www.epfl.ch\/labs\/lasur\/wp-content\/uploads\/2018\/05\/NOSCHIS-v3n4.pdf\" target=\"_blank\" rel=\"noreferrer noopener\" aria-label=\"pdf (s\u2019ouvre dans un nouvel onglet)\">pdf<\/a>) NOSCHIS, Kaj, Public Settings of a Neighbourhood: Identity and Symbolism, p. 301-316<\/p>\n<p>(<a href=\"https:\/\/www.epfl.ch\/labs\/lasur\/wp-content\/uploads\/2018\/05\/GAUDIN.pdf\" target=\"_blank\" rel=\"noreferrer noopener\" aria-label=\"pdf (s\u2019ouvre dans un nouvel onglet)\">pdf<\/a>) GAUDIN, Jean-Pierre, Lausanne-Paris ou l\u2019alignement et l\u2019esth\u00e9tique au tournant du si\u00e8cle, p. 317-326<\/p>\n<p>(<a href=\"https:\/\/www.epfl.ch\/labs\/lasur\/wp-content\/uploads\/2018\/05\/BARBEY.pdf\" target=\"_blank\" rel=\"noreferrer noopener\" aria-label=\"pdf (s\u2019ouvre dans un nouvel onglet)\">pdf<\/a>) BARBEY, Gilles, La persistance du mythe montreusien, p. 327-340<\/p>\n<p>(<a href=\"https:\/\/www.epfl.ch\/labs\/lasur\/wp-content\/uploads\/2018\/05\/SARTORIS.pdf\" target=\"_blank\" rel=\"noreferrer noopener\" aria-label=\"pdf (s\u2019ouvre dans un nouvel onglet)\">pdf<\/a>) SARTORIS, Alberto, Les arts plastiques comme incorporation instrumentale \u00e0 l\u2019architecture, p. 341-344<\/p>\n<p><strong>Volume 4 (1988), n\u00b0 1<\/strong><\/p>\n<p>(<a href=\"https:\/\/www.epfl.ch\/labs\/lasur\/wp-content\/uploads\/2018\/05\/BENG_HUAT.pdf\" target=\"_blank\" rel=\"noreferrer noopener\" aria-label=\"pdf (s\u2019ouvre dans un nouvel onglet)\">pdf<\/a>) BENG HUAT, Chua, Adjusting Religious Practices to Different House Forms in Singapore, p. 3-26<\/p>\n<p>(<a href=\"https:\/\/www.epfl.ch\/labs\/lasur\/wp-content\/uploads\/2018\/05\/SANOFF.pdf\" target=\"_blank\" rel=\"noreferrer noopener\" aria-label=\"pdf (s\u2019ouvre dans un nouvel onglet)\">pdf<\/a>) SANOFF, Henry, Participatory Design in Focus, p. 27-42<\/p>\n<p>(<a href=\"https:\/\/www.epfl.ch\/labs\/lasur\/wp-content\/uploads\/2018\/05\/WARIN.pdf\" target=\"_blank\" rel=\"noreferrer noopener\" aria-label=\"pdf (s\u2019ouvre dans un nouvel onglet)\">pdf<\/a>) WARIN, Philippe, D\u2019un voisinage \u00e0 l\u2019autre, p. 43-58<\/p>\n<p>(<a href=\"https:\/\/www.epfl.ch\/labs\/lasur\/wp-content\/uploads\/2018\/05\/GARNIER.pdf\" target=\"_blank\" rel=\"noreferrer noopener\" aria-label=\"pdf (s\u2019ouvre dans un nouvel onglet)\">pdf<\/a>) GARNIER, Alain, La Plata: La visionnaire trahie, p. 59-80<\/p>\n<p>(<a href=\"https:\/\/www.epfl.ch\/labs\/lasur\/wp-content\/uploads\/2018\/05\/NORDSTROM-1.pdf\" target=\"_blank\" rel=\"noreferrer noopener\" aria-label=\"pdf (s\u2019ouvre dans un nouvel onglet)\">pdf<\/a>) NORDSTR\u00d6M, Maria, Children\u2019s Poetry and Adjustment to their Environment, p. 81-86<\/p>\n<p><strong>Volume 4 (1988), n\u00b0 2<\/strong><\/p>\n<p>(<a href=\"https:\/\/www.epfl.ch\/labs\/lasur\/wp-content\/uploads\/2018\/05\/HARRISandLIPMAN-v4n2.pdf\" target=\"_blank\" rel=\"noreferrer noopener\" aria-label=\"pdf (s\u2019ouvre dans un nouvel onglet)\">pdf<\/a>) HARRIS, Howard &amp; LIPMAN, Alan, Form and Content in Contemporary Architecture \u2013 Issues of Style and Power, p. 97-110<\/p>\n<p>(<a href=\"https:\/\/www.epfl.ch\/labs\/lasur\/wp-content\/uploads\/2018\/05\/KOROSEC-SERFATY.pdf\" target=\"_blank\" rel=\"noreferrer noopener\" aria-label=\"pdf (s\u2019ouvre dans un nouvel onglet)\">pdf<\/a>) KOROSEC-SERFATY, Perla, La Sociabilit\u00e9 publique et ses territoires \u2013 Places et espaces publics urbains, p. 111-132<\/p>\n<p>(<a href=\"https:\/\/www.epfl.ch\/labs\/lasur\/wp-content\/uploads\/2018\/05\/BERNHARD_GUILLEMINandSAVOLAINEN.pdf\" target=\"_blank\" rel=\"noreferrer noopener\" aria-label=\"pdf (s\u2019ouvre dans un nouvel onglet)\">pdf<\/a>) BERNHARD, Claude A. &amp; GUILLEMIN, Michel &amp; SAVOLAINEN, Heikki, Nuisances chimiques dans l\u2019habitation: La place des mat\u00e9riaux, p. 133-156<\/p>\n<p>(<a href=\"https:\/\/www.epfl.ch\/labs\/lasur\/wp-content\/uploads\/2018\/05\/GUBLER-v4n2.pdf\" target=\"_blank\" rel=\"noreferrer noopener\" aria-label=\"pdf (s\u2019ouvre dans un nouvel onglet)\">pdf<\/a>) GUBLER, Jacques, Notes on Newark\u2019s Urban History, p. 157-168<\/p>\n<p>(<a href=\"https:\/\/www.epfl.ch\/labs\/lasur\/wp-content\/uploads\/2018\/05\/AMPHOUX.pdf\" target=\"_blank\" rel=\"noreferrer noopener\" aria-label=\"pdf (s\u2019ouvre dans un nouvel onglet)\">pdf<\/a>) AMPHOUX, Pascal, Les lilongs de Shanghai, p. 169-173<\/p>\n<p><strong>Volume 4 (1988), n\u00b0 3<\/strong><\/p>\n<p>(<a href=\"https:\/\/www.epfl.ch\/labs\/lasur\/wp-content\/uploads\/2018\/05\/LOW_en.pdf\" target=\"_blank\" rel=\"noreferrer noopener\" aria-label=\"pdf (s\u2019ouvre dans un nouvel onglet)\">pdf<\/a>) LOW, Setha M., Cultural Aspects of Design: An Introduction to the Field, p. 187-190<\/p>\n<p>(<a href=\"https:\/\/www.epfl.ch\/labs\/lasur\/wp-content\/uploads\/2018\/05\/LOW_fr.pdf\" target=\"_blank\" rel=\"noreferrer noopener\" aria-label=\"pdf (s\u2019ouvre dans un nouvel onglet)\">pdf<\/a>) LOW, Setha M. Les aspects culturels de l\u2019am\u00e9nagement de l\u2019environnement: Une Introduction, p.191-195<\/p>\n<p>(<a href=\"https:\/\/www.epfl.ch\/labs\/lasur\/wp-content\/uploads\/2018\/05\/LAWRENCE-v4n3.pdf\" target=\"_blank\" rel=\"noreferrer noopener\" aria-label=\"pdf (s\u2019ouvre dans un nouvel onglet)\">pdf<\/a>) LAWRENCE, Denise,L., Suburbanization of house form and gender relations in a rural Portuguese agro-town, p. 197-212<\/p>\n<p>(<a href=\"https:\/\/www.epfl.ch\/labs\/lasur\/wp-content\/uploads\/2018\/05\/PELLOW.pdf\" target=\"_blank\" rel=\"noreferrer noopener\" aria-label=\"pdf (s\u2019ouvre dans un nouvel onglet)\">pdf<\/a>) PELLOW, Deborah, What housing does: changes in an Accra community, p. 213-228<\/p>\n<p>(<a href=\"https:\/\/www.epfl.ch\/labs\/lasur\/wp-content\/uploads\/2018\/05\/JOHNSON.pdf\" target=\"_blank\" rel=\"noreferrer noopener\" aria-label=\"pdf (s\u2019ouvre dans un nouvel onglet)\">pdf<\/a>) JOHNSON, Norris Brock, Temple architecture as construction of consciousness: a Japanese temple and garden, p. 229-250<\/p>\n<p>(<a href=\"https:\/\/www.epfl.ch\/labs\/lasur\/wp-content\/uploads\/2018\/05\/PADER.pdf\" target=\"_blank\" rel=\"noreferrer noopener\" aria-label=\"pdf (s\u2019ouvre dans un nouvel onglet)\">pdf<\/a>) PADER, Ellen J., Inside spatial relations, p. 251-268<\/p>\n<p><strong>Volume 4 (1988), n\u00b0 4<\/strong><\/p>\n<p>(<a href=\"https:\/\/www.epfl.ch\/labs\/lasur\/wp-content\/uploads\/2018\/05\/LEFEVRE.pdf\" target=\"_blank\" rel=\"noreferrer noopener\" aria-label=\"pdf (s\u2019ouvre dans un nouvel onglet)\">pdf<\/a>) LEF\u00c8VRE, Claude, Labyrinthe et communication, p. 277-294<\/p>\n<p>(<a href=\"https:\/\/www.epfl.ch\/labs\/lasur\/wp-content\/uploads\/2018\/05\/HSIA.pdf\" target=\"_blank\" rel=\"noreferrer noopener\" aria-label=\"pdf (s\u2019ouvre dans un nouvel onglet)\">pdf<\/a>) HSIA, Chu-Joe, An Epistemological Critique of Environmental Idealism, p. 295-314<\/p>\n<p>(<a href=\"https:\/\/www.epfl.ch\/labs\/lasur\/wp-content\/uploads\/2018\/05\/NOSCHIS-v4n4.pdf\" target=\"_blank\" rel=\"noreferrer noopener\" aria-label=\"pdf (s\u2019ouvre dans un nouvel onglet)\">pdf<\/a>) NOSCHIS, Kaj, Introduction aux entretiens avec Mario Botta et Herman Hertzberger, p. 315-316<\/p>\n<p>(<a href=\"https:\/\/www.epfl.ch\/labs\/lasur\/wp-content\/uploads\/2018\/05\/BOTTA.pdf\" target=\"_blank\" rel=\"noreferrer noopener\" aria-label=\"pdf (s\u2019ouvre dans un nouvel onglet)\">pdf<\/a>) BOTTA, Mario, Entretien, p. 317-334<\/p>\n<p>(<a href=\"https:\/\/www.epfl.ch\/labs\/lasur\/wp-content\/uploads\/2018\/05\/HERTZBERGER.pdf\" target=\"_blank\" rel=\"noreferrer noopener\" aria-label=\"pdf (s\u2019ouvre dans un nouvel onglet)\">pdf<\/a>) HERTZBERGER, Herman, Entretien, p. 335-348<\/p>\n<p>(<a href=\"https:\/\/www.epfl.ch\/labs\/lasur\/wp-content\/uploads\/2018\/05\/CHAPIN.pdf\" target=\"_blank\" rel=\"noreferrer noopener\" aria-label=\"pdf (s\u2019ouvre dans un nouvel onglet)\">pdf<\/a>) CHAPIN, David, Review: \u00ab\u00a0Institutional Settings in Children\u2019s Lives\u00a0\u00bb (Rivlin, L. &amp; Wolfe, M.) Wiley, New York, 1985), p. 349-358<\/p>\n<p><strong>Volume 5 (1989), n\u00b0 1<\/strong><\/p>\n<p>(<a href=\"https:\/\/www.epfl.ch\/labs\/lasur\/wp-content\/uploads\/2018\/05\/NOSCHIS_Editorial_fr.pdf\" target=\"_blank\" rel=\"noreferrer noopener\" aria-label=\"pdf (s\u2019ouvre dans un nouvel onglet)\">pdf<\/a>) NOSCHIS, Kaj, Editorial: Int\u00e9resser l\u2019architecte \u00e0 l\u2019usager, p. 1-8<\/p>\n<p>(<a href=\"https:\/\/www.epfl.ch\/labs\/lasur\/wp-content\/uploads\/2018\/05\/NOSCHIS_Editorial_en.pdf\" target=\"_blank\" rel=\"noreferrer noopener\" aria-label=\"pdf (s\u2019ouvre dans un nouvel onglet)\">pdf<\/a>) NOSCHIS, Kaj, Editorial : Getting Architects Interested in Users, p. 9-16<\/p>\n<p>(<a href=\"https:\/\/www.epfl.ch\/labs\/lasur\/wp-content\/uploads\/2018\/05\/AHRENTZENandEVANS.pdf\" target=\"_blank\" rel=\"noreferrer noopener\" aria-label=\"pdf (s\u2019ouvre dans un nouvel onglet)\">pdf<\/a>) AHRENTZEN, Sherry &amp; EVANS, Gary, Architects and School Children: In Touch or Out of Focus? p. 17-28<\/p>\n<p>(<a href=\"https:\/\/www.epfl.ch\/labs\/lasur\/wp-content\/uploads\/2018\/05\/NIKULA.pdf\" target=\"_blank\" rel=\"noreferrer noopener\" aria-label=\"pdf (s\u2019ouvre dans un nouvel onglet)\">pdf<\/a>) NIKULA, Riitta, 20th Century Urban Design Utopias for the Centre of Helsinki, p. 29-40<\/p>\n<p>(<a href=\"https:\/\/www.epfl.ch\/labs\/lasur\/wp-content\/uploads\/2018\/05\/BASSAND-v5n1.pdf\" target=\"_blank\" rel=\"noreferrer noopener\" aria-label=\"pdf (s\u2019ouvre dans un nouvel onglet)\">pdf<\/a>) BASSAND, Michel, Habitat rural et maison paysanne dans une r\u00e9gion p\u00e9riph\u00e9rique de Suisse, p. 41-62<\/p>\n<p>(<a href=\"https:\/\/www.epfl.ch\/labs\/lasur\/wp-content\/uploads\/2018\/05\/SARQUIS_MARTINEZ_BOUQUETandADAMSON.pdf\" target=\"_blank\" rel=\"noreferrer noopener\" aria-label=\"pdf (s\u2019ouvre dans un nouvel onglet)\">pdf<\/a>) SARQUIS, Jorge &amp; MARTINEZ BOUQUET, C. &amp; ADAMSON, Gladys, R\u00f4les et cr\u00e9ativit\u00e9 architecturale, p. 63-67<\/p>\n<p>(<a href=\"https:\/\/www.epfl.ch\/labs\/lasur\/wp-content\/uploads\/2018\/05\/WEBER.pdf\" target=\"_blank\" rel=\"noreferrer noopener\" aria-label=\"pdf (s\u2019ouvre dans un nouvel onglet)\">pdf<\/a>) WEBER, Franz &amp; Judith, La ville de demain, p. 68-74<\/p>\n<p><strong>Volume 5 (1989), n\u00b0 2<\/strong><\/p>\n<p>(<a href=\"https:\/\/www.epfl.ch\/labs\/lasur\/wp-content\/uploads\/2018\/05\/BARBEY_-Introduction_fr.pdf\">pdf<\/a>) BARBEY, Gilles, Vers une ph\u00e9nom\u00e9nologie du chez-soi\u2026p. 87-90<\/p>\n<p>(<a href=\"https:\/\/www.epfl.ch\/labs\/lasur\/wp-content\/uploads\/2018\/05\/BUTTIMER_-Introduction_fr.pdf\" target=\"_blank\" rel=\"noreferrer noopener\" aria-label=\"pdf (s\u2019ouvre dans un nouvel onglet)\">pdf<\/a>) BUTTIMER, Anne, \u2026 Ph\u00e9nix, Faust et Narcisse, p. 91-97<\/p>\n<p>(<a href=\"https:\/\/www.epfl.ch\/labs\/lasur\/wp-content\/uploads\/2018\/05\/BARBEY_Introduction_en.pdf\" target=\"_blank\" rel=\"noreferrer noopener\" aria-label=\"pdf (s\u2019ouvre dans un nouvel onglet)\">pdf<\/a>) BARBEY, Gilles, Toward a Phenomenology of Home\u2026p. 99-102<\/p>\n<p>(<a href=\"https:\/\/www.epfl.ch\/labs\/lasur\/wp-content\/uploads\/2018\/05\/BUTTIMER_Introduction_en.pdf\" target=\"_blank\" rel=\"noreferrer noopener\" aria-label=\"pdf (s\u2019ouvre dans un nouvel onglet)\">pdf<\/a>) BUTTIMER, Anne, \u2026 Phoenix, Faust, Narcissus: In Search of Home, p. 103-110<\/p>\n<p>(<a href=\"https:\/\/www.epfl.ch\/labs\/lasur\/wp-content\/uploads\/2018\/05\/GRAUMANN.pdf\" target=\"_blank\" rel=\"noreferrer noopener\" aria-label=\"pdf (s\u2019ouvre dans un nouvel onglet)\">pdf<\/a>) GRAUMANN, Carl F., Vers une ph\u00e9nom\u00e9nologie de l\u2019\u00eatre-chez-soi \/ Toward a Phenomenology of Being at Home, p.111-126<\/p>\n<p>(<a href=\"https:\/\/www.epfl.ch\/labs\/lasur\/wp-content\/uploads\/2018\/05\/VILLELA-PETIT.pdf\" target=\"_blank\" rel=\"noopener noreferrer\">pdf<\/a>) VILLELA-PETIT, Maria, Le chez-soi: espace et identit\u00e9, p. 127-134<\/p>\n<p>(<a href=\"https:\/\/www.epfl.ch\/labs\/lasur\/wp-content\/uploads\/2018\/05\/AMPHOUXand-MONDADA.pdf\">pdf<\/a>) AMPHOUX., Pascal &amp; MONDADA, Lorenza, Le chez-soi dans tous les sens, p. 135-152<\/p>\n<p>(<a href=\"https:\/\/www.epfl.ch\/labs\/lasur\/wp-content\/uploads\/2018\/05\/SAUZET.pdf\" target=\"_blank\" rel=\"noreferrer noopener\" aria-label=\"pdf (s\u2019ouvre dans un nouvel onglet)\">pdf<\/a>) SAUZET, Maurice, Sensorial Phenomenology as a Reference for the Architectural Project, p.153-164<\/p>\n<p>(<a href=\"https:\/\/www.epfl.ch\/labs\/lasur\/wp-content\/uploads\/2018\/05\/KOROSEC-SERFATYandCONDELLO.pdf\" target=\"_blank\" rel=\"noreferrer noopener\" aria-label=\"pdf (s\u2019ouvre dans un nouvel onglet)\">pdf<\/a>) KOROSEC-SERFATY, Perla &amp; CONDELLO, Montagna, Demeure et alt\u00e9rit\u00e9: Mise \u00e0 distance et proximit\u00e9 de l\u2019autre, p. 165-177<\/p>\n<p><strong>Volume 5 (1989), n\u00b0 3<\/strong>\u00a0<em>France : Quelles priorit\u00e9s pour la recherche?<br \/>France: What Priorities for Research?<\/em><\/p>\n<p>(<a href=\"https:\/\/www.epfl.ch\/labs\/lasur\/wp-content\/uploads\/2018\/05\/LEVY-LEBOYER.pdf\" target=\"_blank\" rel=\"noreferrer noopener\" aria-label=\"pdf (s\u2019ouvre dans un nouvel onglet)\">pdf<\/a>) LEVY-LEBOYER, Claude, Social Demands and Theoretical Constraints \/ Demande sociale et contraintes th\u00e9oriques, p. 185-192<\/p>\n<p>(<a href=\"https:\/\/www.epfl.ch\/labs\/lasur\/wp-content\/uploads\/2018\/05\/GABORIEAU.pdf\" target=\"_blank\" rel=\"noreferrer noopener\" aria-label=\"pdf (s\u2019ouvre dans un nouvel onglet)\">pdf<\/a>) GABORIEAU, Marc, Les recherches sur les aires culturelles non-europ\u00e9ennes en habitat et urbanisme: importance pratique et th\u00e9orique, p. 193-206<\/p>\n<p>(<a href=\"https:\/\/www.epfl.ch\/labs\/lasur\/wp-content\/uploads\/2018\/05\/BOUDON.pdf\" target=\"_blank\" rel=\"noreferrer noopener\" aria-label=\"pdf (s\u2019ouvre dans un nouvel onglet)\">pdf<\/a>) BOUDON, Philippe, Recherche fondamentale en architecture, p. 207-214<\/p>\n<p>(<a href=\"https:\/\/www.epfl.ch\/labs\/lasur\/wp-content\/uploads\/2018\/05\/CONAN-v5n3.pdf\" target=\"_blank\" rel=\"noreferrer noopener\" aria-label=\"pdf (s\u2019ouvre dans un nouvel onglet)\">pdf<\/a>) CONAN, Michel, Urgence des recherches sur la conception architecturale \u2013 R\u00e9ponse \u00e0 Ph. Boudon, p. 215-230<\/p>\n<p>(<a href=\"https:\/\/www.epfl.ch\/labs\/lasur\/wp-content\/uploads\/2018\/05\/POMMELLET.pdf\" target=\"_blank\" rel=\"noreferrer noopener\" aria-label=\"pdf (s\u2019ouvre dans un nouvel onglet)\">pdf<\/a>) POMMELLET, Pierre, Dialectique des acteurs dans la cr\u00e9ation et la programmation en architecture et en urbanisme, p. 231-238<\/p>\n<p>(<a href=\"https:\/\/www.epfl.ch\/labs\/lasur\/wp-content\/uploads\/2018\/05\/ASCHER-v5n3.pdf\" target=\"_blank\" rel=\"noreferrer noopener\" aria-label=\"pdf (s\u2019ouvre dans un nouvel onglet)\">pdf<\/a>) ASCHER, Fran\u00e7ois, Villes et technologies nouvelles: quelques besoins de recherche, p. 239-248<\/p>\n<p>(<a href=\"https:\/\/www.epfl.ch\/labs\/lasur\/wp-content\/uploads\/2018\/05\/VELTZ.pdf\" target=\"_blank\" rel=\"noreferrer noopener\" aria-label=\"pdf (s\u2019ouvre dans un nouvel onglet)\">pdf<\/a>) VELTZ, Pierre, La construction et l\u2019urbain: un monde de techniques en changement, p. 249-258<\/p>\n<p>(<a href=\"https:\/\/www.epfl.ch\/labs\/lasur\/wp-content\/uploads\/2018\/05\/RILLING.pdf\" target=\"_blank\" rel=\"noreferrer noopener\" aria-label=\"pdf (s\u2019ouvre dans un nouvel onglet)\">pdf<\/a>) RILLING, Jacques, Pour innover dans le respect de la tradition; mieux assurer la synth\u00e8se architecture et technique. R\u00e9ponse \u00e0 Pierre Veltz, p. 259-264<\/p>\n<p>(<a href=\"https:\/\/www.epfl.ch\/labs\/lasur\/wp-content\/uploads\/2018\/05\/HAUMONTand-BERNARD.pdf\" target=\"_blank\" rel=\"noreferrer noopener\" aria-label=\"pdf (s\u2019ouvre dans un nouvel onglet)\">pdf<\/a>) HAUMONT, Nicole &amp; BERNARD, Yvonne, La dynamique des \u00e9changes entre disciplines dans le champ de l\u2019urbain, p. 265-276<\/p>\n<p>(<a href=\"https:\/\/www.epfl.ch\/labs\/lasur\/wp-content\/uploads\/2018\/05\/RENDU.pdf\" target=\"_blank\" rel=\"noreferrer noopener\" aria-label=\"pdf (s\u2019ouvre dans un nouvel onglet)\">pdf<\/a>) RENDU, Paul, Orientations des recherches en sciences sociales. R\u00e9ponse \u00e0 Nicole Haumont et Yvonne Bernard, p. 277-282<\/p>\n<p><strong>Volume 5 (1989), n\u00b0 4<\/strong><\/p>\n<p>(<a href=\"https:\/\/www.epfl.ch\/labs\/lasur\/wp-content\/uploads\/2018\/05\/GARLING_TommyandAnita_MAURITZON-SANDBERGandBJORNSTIG.pdf\" target=\"_blank\" rel=\"noreferrer noopener\" aria-label=\"pdf (s\u2019ouvre dans un nouvel onglet)\">pdf<\/a>) G\u00c4RLING, Tommy &amp; Anita, MAURITZON-SANDBERG, Eva &amp; BJ\u00d6RNSTIG, Ulf, Child Safety in the Home: Mothers\u2019 Perception of Dangers to Young Children, p. 293-304<\/p>\n<p>(<a href=\"https:\/\/www.epfl.ch\/labs\/lasur\/wp-content\/uploads\/2018\/05\/SAUER.pdf\" target=\"_blank\" rel=\"noreferrer noopener\" aria-label=\"pdf (s\u2019ouvre dans un nouvel onglet)\">pdf<\/a>) SAUER, Louis, Joining Old and New: Neighbourhood Planning and Architecture for City Revitalization, p. 305-340<\/p>\n<p>(<a href=\"https:\/\/www.epfl.ch\/labs\/lasur\/wp-content\/uploads\/2018\/05\/LEVY.pdf\" target=\"_blank\" rel=\"noreferrer noopener\" aria-label=\"pdf (s\u2019ouvre dans un nouvel onglet)\">pdf<\/a>) LEVY, Albert, La distribution de l\u2019espace monastique, pr\u00e9figuration de la distribution domestique moderne, p. 341-368<\/p>\n<p>(<a href=\"https:\/\/www.epfl.ch\/labs\/lasur\/wp-content\/uploads\/2018\/05\/KROLL.pdf\" target=\"_blank\" rel=\"noreferrer noopener\" aria-label=\"pdf (s\u2019ouvre dans un nouvel onglet)\">pdf<\/a>) KROLL, Lucien, The Question of the Homeless \/ A propos des sans-abri, p. 369-376<\/p>\n<p>(<a href=\"https:\/\/www.epfl.ch\/labs\/lasur\/wp-content\/uploads\/2018\/05\/SANSOT.pdf\" target=\"_blank\" rel=\"noreferrer noopener\" aria-label=\"pdf (s\u2019ouvre dans un nouvel onglet)\">pdf<\/a>) SANSOT, Pierre, Architecture et pratique du sport, p. 377-379<\/p>\n<p>(<a href=\"https:\/\/www.epfl.ch\/labs\/lasur\/wp-content\/uploads\/2018\/05\/RAMACHANDRAN.pdf\" target=\"_blank\" rel=\"noreferrer noopener\" aria-label=\"pdf (s\u2019ouvre dans un nouvel onglet)\">pdf<\/a>) RAMACHANDRAN, Arcot, World HABITAT day, p. 380-381<\/p>\n<p><strong>Volume 6 (1990), n\u00b0 1<\/strong><\/p>\n<p>(<a href=\"https:\/\/www.epfl.ch\/labs\/lasur\/wp-content\/uploads\/2018\/05\/CHAPINandGLUNT.pdf\" target=\"_blank\" rel=\"noreferrer noopener\" aria-label=\"pdf (s\u2019ouvre dans un nouvel onglet)\">pdf<\/a>) CHAPIN, David &amp; GLUNT, Eric K., Shifting Meanings in Low-Income Housing Co-operatives Through Participation in Built Form, p. 3-16<\/p>\n<p>(<a href=\"https:\/\/www.epfl.ch\/labs\/lasur\/wp-content\/uploads\/2018\/05\/VOORDT.pdf\" target=\"_blank\" rel=\"noreferrer noopener\" aria-label=\"pdf (s\u2019ouvre dans un nouvel onglet)\">pdf<\/a>) VOORDT, Theo van der, Building Adaptable Housing \u2013 from Theory to Practice, Current Developments in the Netherlands, p. 17-38<\/p>\n<p>(<a href=\"https:\/\/www.epfl.ch\/labs\/lasur\/wp-content\/uploads\/2018\/05\/RABREAU.pdf\" target=\"_blank\" rel=\"noreferrer noopener\" aria-label=\"pdf (s\u2019ouvre dans un nouvel onglet)\">pdf<\/a>) RABREAU, Daniel, De l\u2019embellissement ou l\u2019iconographie urbaine comme catharsis, p. 39-62<\/p>\n<p>(<a href=\"https:\/\/www.epfl.ch\/labs\/lasur\/wp-content\/uploads\/2018\/05\/LECASandMARTINON.pdf\" target=\"_blank\" rel=\"noreferrer noopener\" aria-label=\"pdf (s\u2019ouvre dans un nouvel onglet)\">pdf<\/a>) LECAS, Chantal &amp; MARTINON, Jean-Pierre, Le style en architecture au XIXe si\u00e8cle. Le r\u00e9pertoire et l\u2019histoire, p. 63-78<\/p>\n<p>(<a href=\"https:\/\/www.epfl.ch\/labs\/lasur\/wp-content\/uploads\/2018\/05\/PERCHERON.pdf\" target=\"_blank\" rel=\"noreferrer noopener\" aria-label=\"pdf (s\u2019ouvre dans un nouvel onglet)\">pdf<\/a>) PERCHERON, Daniel, De quelques voisins, p. 79-82<\/p>\n<p>(<a href=\"https:\/\/www.epfl.ch\/labs\/lasur\/wp-content\/uploads\/2018\/05\/MANDAL.pdf\" target=\"_blank\" rel=\"noreferrer noopener\" aria-label=\"pdf (s\u2019ouvre dans un nouvel onglet)\">pdf<\/a>) MANDAL, A.C., Balanced seating, p. 83-88<\/p>\n<p><strong>Volume 6 (1990), n\u00b0 2<\/strong>\u00a0<em>Habitat populaire en Am\u00e9rique latine<br \/>Low-Income Housing in Latin America<\/em><\/p>\n<p>(<a href=\"https:\/\/www.epfl.ch\/labs\/lasur\/wp-content\/uploads\/2018\/05\/CHEVALIER.pdf\" target=\"_blank\" rel=\"noreferrer noopener\" aria-label=\"pdf (s\u2019ouvre dans un nouvel onglet)\">pdf<\/a>) CHEVALIER, G\u00e9rard, Habitat populaire et politiques publiques en Am\u00e9rique latine : Introduction \/ Low-Income Housing and Public Policies in Latin America : Introduction, p. 111-120<\/p>\n<p>(<a href=\"https:\/\/www.epfl.ch\/labs\/lasur\/wp-content\/uploads\/2018\/05\/VEGA-CENTENO.pdf\" target=\"_blank\" rel=\"noreferrer noopener\" aria-label=\"pdf (s\u2019ouvre dans un nouvel onglet)\">pdf<\/a>) VEGA-CENTENO, Pablo, D\u00e9fis pos\u00e9s par le ph\u00e9nom\u00e8ne d\u2019autoconstruction, p. 121-132<\/p>\n<p>(<a href=\"https:\/\/www.epfl.ch\/labs\/lasur\/wp-content\/uploads\/2018\/05\/VIDAL.pdf\" target=\"_blank\" rel=\"noreferrer noopener\" aria-label=\"pdf (s\u2019ouvre dans un nouvel onglet)\">pdf<\/a>) VIDAL, Hernan, Une exp\u00e9rience d\u2019autoconstruction \u00e0 Lima, p. 133-142<\/p>\n<p>(<a href=\"https:\/\/www.epfl.ch\/labs\/lasur\/wp-content\/uploads\/2018\/05\/LEIBBRANDT.pdf\" target=\"_blank\" rel=\"noreferrer noopener\" aria-label=\"pdf (s\u2019ouvre dans un nouvel onglet)\">pdf<\/a>) LEIBBRANDT, Christian, Types d\u2019architecture domestique dans l\u2019autoconstruction argentine, p. 143-160<\/p>\n<p>(<a href=\"https:\/\/www.epfl.ch\/labs\/lasur\/wp-content\/uploads\/2018\/05\/BOLIVAR.pdf\" target=\"_blank\" rel=\"noreferrer noopener\" aria-label=\"pdf (s\u2019ouvre dans un nouvel onglet)\">pdf<\/a>) BOLIVAR, Teolinda, Recherche et enseignement pour la mise en valeur de l\u2019habitat populaire v\u00e9n\u00e9zu\u00e9lien, p. 161-170<\/p>\n<p>(<a href=\"https:\/\/www.epfl.ch\/labs\/lasur\/wp-content\/uploads\/2018\/05\/ORTECHO.pdf\" target=\"_blank\" rel=\"noreferrer noopener\" aria-label=\"pdf (s\u2019ouvre dans un nouvel onglet)\">pdf<\/a>) ORTECHO, Leonardo Enrique, Self-Help in Building: Back to the Sources, p. 171-176<\/p>\n<p>(<a href=\"https:\/\/www.epfl.ch\/labs\/lasur\/wp-content\/uploads\/2018\/05\/CARDENAS.pdf\" target=\"_blank\" rel=\"noreferrer noopener\" aria-label=\"pdf (s\u2019ouvre dans un nouvel onglet)\">pdf<\/a>) CARDENAS, John Jairo, Natural Disasters and Urban Struggle for Housing, p. 177-192<\/p>\n<p>(<a href=\"https:\/\/www.epfl.ch\/labs\/lasur\/wp-content\/uploads\/2018\/05\/CLICHEVSKY.pdf\" target=\"_blank\" rel=\"noreferrer noopener\" aria-label=\"pdf (s\u2019ouvre dans un nouvel onglet)\">pdf<\/a>) CLICHEVSKY, Nora, Self-Construction, Urban Land and Public Policies, p. 193-200<\/p>\n<p>(<a href=\"https:\/\/www.epfl.ch\/labs\/lasur\/wp-content\/uploads\/2018\/05\/SANSOT-v6n2.pdf\" target=\"_blank\" rel=\"noreferrer noopener\" aria-label=\"pdf (s\u2019ouvre dans un nouvel onglet)\">pdf<\/a>) SANSOT, Pierre, Les nouvelles m\u00e9tropoles, p. 201-203<\/p>\n<p><strong>Volume 6 (1990), n\u00b0 3<\/strong>\u00a0<em>Society and Health: From Community to Neighbourhood \/ Soci\u00e9t\u00e9 et sant\u00e9: de la communaut\u00e9 au quartier<\/em><\/p>\n<p>(<a href=\"https:\/\/www.epfl.ch\/labs\/lasur\/wp-content\/uploads\/2018\/05\/BALDWIN_en.pdf\" target=\"_blank\" rel=\"noreferrer noopener\" aria-label=\"pdf (s\u2019ouvre dans un nouvel onglet)\">pdf<\/a>) BALDWIN, Steve, Desinstitutionalisation and the Myth of \u00ab\u00a0Community Care\u00a0\u00bb: Introduction, p. 211-216<\/p>\n<p>(<a href=\"https:\/\/www.epfl.ch\/labs\/lasur\/wp-content\/uploads\/2018\/05\/BALDWIN_fr.pdf\" target=\"_blank\" rel=\"noreferrer noopener\" aria-label=\"pdf (s\u2019ouvre dans un nouvel onglet)\">pdf<\/a>) BALDWIN, Steve La d\u00e9sinstitutionalisation et le mythe de la prise en charge communautaire: Introduction, p. 217-223<\/p>\n<p>(<a href=\"https:\/\/www.epfl.ch\/labs\/lasur\/wp-content\/uploads\/2018\/05\/BAREFOOT.pdf\" target=\"_blank\" rel=\"noreferrer noopener\" aria-label=\"pdf (s\u2019ouvre dans un nouvel onglet)\">pdf<\/a>) BAREFOOT, Peter, Community Support and Neighbourhood Size,<br \/>p. 225-232<\/p>\n<p>(<a href=\"https:\/\/www.epfl.ch\/labs\/lasur\/wp-content\/uploads\/2018\/05\/BARKER.pdf\" target=\"_blank\" rel=\"noreferrer noopener\" aria-label=\"pdf (s\u2019ouvre dans un nouvel onglet)\">pdf<\/a>) BARKER, Philip J., Needs and Wants and Fairy Tale Wishes: A Scottish Impression of Care in the Community, p. 233-244<\/p>\n<p>(<a href=\"https:\/\/www.epfl.ch\/labs\/lasur\/wp-content\/uploads\/2018\/05\/MEIERandREZZONICO.pdf\" target=\"_blank\" rel=\"noreferrer noopener\" aria-label=\"pdf (s\u2019ouvre dans un nouvel onglet)\">pdf<\/a>) MEIER, Christine L. &amp; REZZONICO, Giorgio F., Changing Outlooks and New Directions in Psychotherapeutic rehabilitation: Organisational Tendencies in the Canton Ticino, p. 245-258<\/p>\n<p>(<a href=\"https:\/\/www.epfl.ch\/labs\/lasur\/wp-content\/uploads\/2018\/05\/BERGER.pdf\" target=\"_blank\" rel=\"noreferrer noopener\" aria-label=\"pdf (s\u2019ouvre dans un nouvel onglet)\">pdf<\/a>) BERGER, Marian, The Coaching Project: Behavioural Training by Non-Professionals for Youths with Poor Community Living Skills, p. 259-264<\/p>\n<p>(<a href=\"https:\/\/www.epfl.ch\/labs\/lasur\/wp-content\/uploads\/2018\/05\/BALDWIN2.pdf\" target=\"_blank\" rel=\"noreferrer noopener\" aria-label=\"pdf (s\u2019ouvre dans un nouvel onglet)\">pdf<\/a>) BALDWIN, Steve, From Communities to Neighbourhoods II: Evaluation, p. 265-274<\/p>\n<p>(<a href=\"https:\/\/www.epfl.ch\/labs\/lasur\/wp-content\/uploads\/2018\/05\/NOSCHIS-v6n3.pdf\" target=\"_blank\" rel=\"noreferrer noopener\" aria-label=\"pdf (s\u2019ouvre dans un nouvel onglet)\">pdf<\/a>) NOSCHIS, Kaj, Se soigner dans le quartier, p. 275-282<\/p>\n<p><strong>Volume 6 (1990), n\u00b0 4<\/strong>\u00a0<em>Vie publique, lieux partag\u00e9s\u00a0<\/em>\/\u00a0<em>Public Life, Shared Places<\/em><\/p>\n<p>(<a href=\"https:\/\/www.epfl.ch\/labs\/lasur\/wp-content\/uploads\/2018\/05\/KOROSEC-SERFATY-v6n4.pdf\" target=\"_blank\" rel=\"noreferrer noopener\" aria-label=\"pdf (s\u2019ouvre dans un nouvel onglet)\">pdf<\/a>) KOROSEC-SERFATY, Perla, Vie publique, lieux partag\u00e9s: Introduction \/ Public Life, Shared Places: Introduction, p. 287-292<\/p>\n<p>(<a href=\"https:\/\/www.epfl.ch\/labs\/lasur\/wp-content\/uploads\/2018\/05\/SAMPSON.pdf\" target=\"_blank\" rel=\"noreferrer noopener\" aria-label=\"pdf (s\u2019ouvre dans un nouvel onglet)\">pdf<\/a>) SAMPSON, Barry W., Ah Montr\u00e9al! Reflections on Differing Views of Public Space, Past and Present, p. 293-306<\/p>\n<p>(<a href=\"https:\/\/www.epfl.ch\/labs\/lasur\/wp-content\/uploads\/2018\/05\/DESROSIERS.pdf\" target=\"_blank\" rel=\"noreferrer noopener\" aria-label=\"pdf (s\u2019ouvre dans un nouvel onglet)\">pdf<\/a>) DESROSIERS, Hugues, Lieu des origines et sociabilit\u00e9 publique: la Place Royale \u00e0 Montr\u00e9al, p. 307-322<\/p>\n<p>(<a href=\"https:\/\/www.epfl.ch\/labs\/lasur\/wp-content\/uploads\/2018\/05\/GREENBERG.pdf\" target=\"_blank\" rel=\"noreferrer noopener\" aria-label=\"pdf (s\u2019ouvre dans un nouvel onglet)\">pdf<\/a>) GREENBERG, Ken, The Would-be of Science and Occasional Art of Making Public Spaces, p. 323-338<\/p>\n<p>(<a href=\"https:\/\/www.epfl.ch\/labs\/lasur\/wp-content\/uploads\/2018\/05\/SOKOLOFF.pdf\" target=\"_blank\" rel=\"noreferrer noopener\" aria-label=\"pdf (s\u2019ouvre dans un nouvel onglet)\">pdf<\/a>) SOKOLOFF, B\u00e9atrice, Public Spaces and the Reconstruction of the City: Learning from Barcelona and Berlin, p. 339-356<\/p>\n<p>(<a href=\"https:\/\/www.epfl.ch\/labs\/lasur\/wp-content\/uploads\/2018\/05\/SAUER-v6n4.pdf\" target=\"_blank\" rel=\"noreferrer noopener\" aria-label=\"pdf (s\u2019ouvre dans un nouvel onglet)\">pdf<\/a>) SAUER, Louis, Streetscapes in an American City, p. 357-372<\/p>\n<p>(<a href=\"https:\/\/www.epfl.ch\/labs\/lasur\/wp-content\/uploads\/2018\/05\/KOROSEC-SERFATY_FLEURY_TREMPE_-APOLLONandHOULE.pdf\" target=\"_blank\" rel=\"noreferrer noopener\" aria-label=\"pdf (s\u2019ouvre dans un nouvel onglet)\">pdf<\/a>) KOROSEC-SERFATY, Perla &amp; FLEURY, Eric &amp; TREMPE, Richard &amp; APOLLON, Maguy &amp; HOULE, Suzie, Notes en forme de r\u00e9cit sur le dedans, le dehors et le reste, p. 373-379<\/p>\n<p><strong>Volume 7 (1991), n\u00b0 1<\/strong>\u00a0<em>La qualification sonore des espaces urbains \/<br \/>The Acoustic Quality of Urban Space<\/em><\/p>\n<p>(<a href=\"https:\/\/www.epfl.ch\/labs\/lasur\/wp-content\/uploads\/2018\/05\/AMPHOUX_fr.pdf\" target=\"_blank\" rel=\"noreferrer noopener\" aria-label=\"pdf (s\u2019ouvre dans un nouvel onglet)\">pdf<\/a>) AMPHOUX, Pascal, La troisi\u00e8me voix, p. 3-6<\/p>\n<p>(<a href=\"https:\/\/www.epfl.ch\/labs\/lasur\/wp-content\/uploads\/2018\/05\/AMPHOUX_en.pdf\" target=\"_blank\" rel=\"noreferrer noopener\" aria-label=\"pdf (s\u2019ouvre dans un nouvel onglet)\">pdf<\/a>) AMPHOUX, Pascal, The Third Voice, p. 7-10<\/p>\n<p>(<a href=\"https:\/\/www.epfl.ch\/labs\/lasur\/wp-content\/uploads\/2018\/05\/AUGOYARD.pdf\" target=\"_blank\" rel=\"noreferrer noopener\" aria-label=\"pdf (s\u2019ouvre dans un nouvel onglet)\">pdf<\/a>) AUGOYARD, Jean-Fran\u00e7ois, Les qualit\u00e9s sonores de la territorialit\u00e9 humaine, p. 13-24<\/p>\n<p>(<a href=\"https:\/\/www.epfl.ch\/labs\/lasur\/wp-content\/uploads\/2018\/05\/GROSJEAN.pdf\" target=\"_blank\" rel=\"noreferrer noopener\" aria-label=\"pdf (s\u2019ouvre dans un nouvel onglet)\">pdf<\/a>) GROSJEAN, Mich\u00e8le, La voix dans l\u2019espace urbain, p. 25-32<\/p>\n<p>(<a href=\"https:\/\/www.epfl.ch\/labs\/lasur\/wp-content\/uploads\/2018\/05\/CHELKOFF.pdf\" target=\"_blank\" rel=\"noreferrer noopener\" aria-label=\"pdf (s\u2019ouvre dans un nouvel onglet)\">pdf<\/a>) CHELKOFF, Gr\u00e9goire, Le public et son espace: Comment s\u2019entendent-ils? p. 35-46<\/p>\n<p>(<a href=\"https:\/\/www.epfl.ch\/labs\/lasur\/wp-content\/uploads\/2018\/05\/SODERSTROM.pdf\" target=\"_blank\" rel=\"noreferrer noopener\" aria-label=\"pdf (s\u2019ouvre dans un nouvel onglet)\">pdf<\/a>) S\u00d6DERSTR\u00d6M, Ola, Vers une g\u00e9ographie de l\u2019espace public, p. 47-60<\/p>\n<p>(<a href=\"https:\/\/www.epfl.ch\/labs\/lasur\/wp-content\/uploads\/2018\/05\/THIBAUD.pdf\">pdf<\/a>) THIBAUD, Jean-Paul, Temporalit\u00e9s sonores et interaction sociale, p. 63-74<\/p>\n<p>(<a href=\"https:\/\/www.epfl.ch\/labs\/lasur\/wp-content\/uploads\/2018\/05\/MONDADA.pdf\" target=\"_blank\" rel=\"noreferrer noopener\" aria-label=\"pdf (s\u2019ouvre dans un nouvel onglet)\">pdf<\/a>) MONDADA, Lorenza, Des espaces suspendus au fil de la parole, p. 75-92<\/p>\n<p>(<a href=\"https:\/\/www.epfl.ch\/labs\/lasur\/wp-content\/uploads\/2018\/05\/DELETRE.pdf\" target=\"_blank\" rel=\"noreferrer noopener\" aria-label=\"pdf (s\u2019ouvre dans un nouvel onglet)\">pdf<\/a>) DELETRE, Jean-Jacques, Le confort sonore et la m\u00e9trologie acoustique, p. 95-100<\/p>\n<p>(<a href=\"https:\/\/www.epfl.ch\/labs\/lasur\/wp-content\/uploads\/2018\/05\/de_RIBEAUPIERRE.pdf\" target=\"_blank\" rel=\"noreferrer noopener\" aria-label=\"pdf (s\u2019ouvre dans un nouvel onglet)\">pdf<\/a>) de RIBEAUPIERRE, Yves, La localisation des objets sonores, p.<br \/>101-106<\/p>\n<p><strong>Volume 7 (1991), n\u00b0 2<\/strong><\/p>\n<p>(<a href=\"https:\/\/www.epfl.ch\/labs\/lasur\/wp-content\/uploads\/2018\/05\/ADERandJOUVE.pdf\" target=\"_blank\" rel=\"noreferrer noopener\" aria-label=\"pdf (s\u2019ouvre dans un nouvel onglet)\">pdf<\/a>) ADER, Jean &amp; JOUVE H\u00e9l\u00e8ne, Jeux et contexte urbain: Introduction \/ Play in Its Urbain Context: Introduction, p. 115-122<\/p>\n<p>(<a href=\"https:\/\/www.epfl.ch\/labs\/lasur\/wp-content\/uploads\/2018\/05\/GUICHARDandADER.pdf\" target=\"_blank\" rel=\"noreferrer noopener\" aria-label=\"pdf (s\u2019ouvre dans un nouvel onglet)\">pdf<\/a>) GUICHARD, Sylvie &amp; ADER, Jean, La ville a jouer \u2013 Donner une place a I\u2019enfant dans I\u2019espace public, p. 123-136<\/p>\n<p>(<a href=\"https:\/\/www.epfl.ch\/labs\/lasur\/wp-content\/uploads\/2018\/05\/MARILLAUD.pdf\" target=\"_blank\" rel=\"noreferrer noopener\" aria-label=\"pdf (s\u2019ouvre dans un nouvel onglet)\">pdf<\/a>) MARILLAUD, Jacques, Jeu et securite dans I\u2019espace public:<br \/>origines et effets des politiques publiques, p.137-144<\/p>\n<p>(<a href=\"https:\/\/www.epfl.ch\/labs\/lasur\/wp-content\/uploads\/2018\/05\/LEFEUVRE.pdf\" target=\"_blank\" rel=\"noreferrer noopener\" aria-label=\"pdf (s\u2019ouvre dans un nouvel onglet)\">pdf<\/a>) LEFEUVRE, Marie-Pierre, Regard sur les pratiques de I\u2019espace des<br \/>adolescents dans les grands ensembles, p.145-152<\/p>\n<p>(<a href=\"https:\/\/www.epfl.ch\/labs\/lasur\/wp-content\/uploads\/2018\/05\/DANANCHER.pdf\" target=\"_blank\" rel=\"noreferrer noopener\" aria-label=\"pdf (s\u2019ouvre dans un nouvel onglet)\">pdf<\/a>) DANANCHER, Andr\u00e9, Contraintes de l\u2019espace ludique am\u00e9nag\u00e9, p.153-164<\/p>\n<p>(<a href=\"https:\/\/www.epfl.ch\/labs\/lasur\/wp-content\/uploads\/2018\/05\/BROUGERE.pdf\" target=\"_blank\" rel=\"noreferrer noopener\" aria-label=\"pdf (s\u2019ouvre dans un nouvel onglet)\">pdf<\/a>) BROUG\u00c8RE, Gilles, Espace de jeu et espace public, p.165-176<\/p>\n<p>(<a href=\"https:\/\/www.epfl.ch\/labs\/lasur\/wp-content\/uploads\/2018\/05\/Les_Presses_de_la_Cite.pdf\" target=\"_blank\" rel=\"noreferrer noopener\" aria-label=\"pdf (s\u2019ouvre dans un nouvel onglet)\">pdf<\/a>) Les press\u00e9s de la Cit\u00e9, Vers la rue-jeu, par une reconqu\u00eate des<br \/>espaces publics, p.177-192<\/p>\n<p>(<a href=\"https:\/\/www.epfl.ch\/labs\/lasur\/wp-content\/uploads\/2018\/05\/KROLL-v7n2.pdf\" target=\"_blank\" rel=\"noreferrer noopener\" aria-label=\"pdf (s\u2019ouvre dans un nouvel onglet)\">pdf<\/a>) KROLL, Lucien, L\u2019urbanisme fragment\u00e9, p.193-195<\/p>\n<p><strong>Volume 7 (1991), n\u00b0 3<\/strong><\/p>\n<p>(<a href=\"https:\/\/www.epfl.ch\/labs\/lasur\/wp-content\/uploads\/2018\/05\/KAITILLA.pdf\" target=\"_blank\" rel=\"noreferrer noopener\" aria-label=\"pdf (s\u2019ouvre dans un nouvel onglet)\">pdf<\/a>) KAITILLA, Sababu, The influence of environmental variables on building material choice: The role of low-cost building material on housing improvement, p. 205-222<\/p>\n<p>(<a href=\"https:\/\/www.epfl.ch\/labs\/lasur\/wp-content\/uploads\/2018\/05\/SEBBA.pdf\" target=\"_blank\" rel=\"noreferrer noopener\" aria-label=\"pdf (s\u2019ouvre dans un nouvel onglet)\">pdf<\/a>) SEBBA, Rachel, The role of the home environment in cultural transmission, p. 223-242<\/p>\n<p>(<a href=\"https:\/\/www.epfl.ch\/labs\/lasur\/wp-content\/uploads\/2018\/05\/ERPI.pdf\" target=\"_blank\" rel=\"noreferrer noopener\" aria-label=\"pdf (s\u2019ouvre dans un nouvel onglet)\">pdf<\/a>) ERPI, Feyyaz, Community culture and its reflection on vernacular architecture, p. 243-260<\/p>\n<p>(<a href=\"https:\/\/www.epfl.ch\/labs\/lasur\/wp-content\/uploads\/2018\/05\/OCONNELLandSPENCER.pdf\" target=\"_blank\" rel=\"noreferrer noopener\" aria-label=\"pdf (s\u2019ouvre dans un nouvel onglet)\">pdf<\/a>) O\u2019CONNELL, Catherine &amp; SPENCER, Christopher, The coming of CAD and the changing culture of the architect\u2019s practice, p. 261-272<\/p>\n<p>(<a href=\"https:\/\/www.epfl.ch\/labs\/lasur\/wp-content\/uploads\/2018\/05\/FIEVE.pdf\" target=\"_blank\" rel=\"noreferrer noopener\" aria-label=\"pdf (s\u2019ouvre dans un nouvel onglet)\">pdf<\/a>) FIEVE, Nicolas, Espace architectural dans le Japon des \u00e9poques classique et m\u00e9di\u00e9vale: l\u2019exemple des r\u00e9sidences de l\u2019aristocratie et de la caste militaire, p. 273-300<\/p>\n<p><strong>Volume 7 (1991), n\u00b0 4<\/strong>\u00a0<em>Fragmentation et articulation urbaines \/ Urban Fragmentation and Articulation<\/em><\/p>\n<p>(<a href=\"https:\/\/www.epfl.ch\/labs\/lasur\/wp-content\/uploads\/2018\/05\/REBOIS.pdf\" target=\"_blank\" rel=\"noreferrer noopener\" aria-label=\"pdf (s\u2019ouvre dans un nouvel onglet)\">pdf<\/a>) REBOIS, Didier, Fragmentation et articulation urbaines<br \/>Urban Fragmentation and Juncture, p. 305-306<\/p>\n<p>(<a href=\"https:\/\/www.epfl.ch\/labs\/lasur\/wp-content\/uploads\/2018\/05\/ASCHER-v7n4.pdf\" target=\"_blank\" rel=\"noreferrer noopener\" aria-label=\"pdf (s\u2019ouvre dans un nouvel onglet)\">pdf<\/a>) ASCHER, Fran\u00e7ois, Prospective des villes, p. 307-322<\/p>\n<p>(<a href=\"https:\/\/www.epfl.ch\/labs\/lasur\/wp-content\/uploads\/2018\/05\/ASCHER_en-v7n4.pdf\" target=\"_blank\" rel=\"noreferrer noopener\" aria-label=\"pdf (s\u2019ouvre dans un nouvel onglet)\">pdf<\/a>) ASCHER, Fran\u00e7ois, The Future of Cities, p. 323-338<\/p>\n<p>(<a href=\"https:\/\/www.epfl.ch\/labs\/lasur\/wp-content\/uploads\/2018\/05\/EDWARDS.pdf\" target=\"_blank\" rel=\"noreferrer noopener\" aria-label=\"pdf (s\u2019ouvre dans un nouvel onglet)\">pdf<\/a>) EDWARDS, Michael, Fragmentation dans le contexte urbain, p. 339-348<\/p>\n<p>(<a href=\"https:\/\/www.epfl.ch\/labs\/lasur\/wp-content\/uploads\/2018\/05\/EDWARDS_en.pdf\" target=\"_blank\" rel=\"noreferrer noopener\" aria-label=\"pdf (s\u2019ouvre dans un nouvel onglet)\">pdf<\/a>) EDWARDS, Michael, About Fragmentation in the Urban Context, p. 349-356<\/p>\n<p>(<a href=\"https:\/\/www.epfl.ch\/labs\/lasur\/wp-content\/uploads\/2018\/05\/PIRODDIandCOLAROSSI.pdf\" target=\"_blank\" rel=\"noreferrer noopener\" aria-label=\"pdf (s\u2019ouvre dans un nouvel onglet)\">pdf<\/a>) PIRODDI, Elio &amp; COLAROSSI, Paolo, Le projet urbain: de la fragmentation \u00e0 la recomposition, p. 357-366<\/p>\n<p>(<a href=\"https:\/\/www.epfl.ch\/labs\/lasur\/wp-content\/uploads\/2018\/05\/PIRODDIandCOLAROSSI_en.pdf\" target=\"_blank\" rel=\"noreferrer noopener\" aria-label=\"pdf (s\u2019ouvre dans un nouvel onglet)\">pdf<\/a>) PIRODDI, Elio &amp; COLAROSSI, Paolo, The Urban Project: from Fragmentation to Recomposition, p. 367-374<\/p>\n<p>(<a href=\"https:\/\/www.epfl.ch\/labs\/lasur\/wp-content\/uploads\/2018\/05\/BOURDIER.pdf\" target=\"_blank\" rel=\"noreferrer noopener\" aria-label=\"pdf (s\u2019ouvre dans un nouvel onglet)\">pdf<\/a>) BOURDIER, Marc, Un mod\u00e8le urbain nomm\u00e9 T\u00f4ky\u00f4, p. 375-382<\/p>\n<p>(<a href=\"https:\/\/www.epfl.ch\/labs\/lasur\/wp-content\/uploads\/2018\/05\/BOURDIER_en.pdf\" target=\"_blank\" rel=\"noreferrer noopener\" aria-label=\"pdf (s\u2019ouvre dans un nouvel onglet)\">pdf<\/a>) BOURDIER, Marc, An Urban Model Named Tokyo, p. 383-390<\/p>\n<p>(<a href=\"https:\/\/www.epfl.ch\/labs\/lasur\/wp-content\/uploads\/2018\/05\/MARCELLONI.pdf\" target=\"_blank\" rel=\"noreferrer noopener\" aria-label=\"pdf (s\u2019ouvre dans un nouvel onglet)\">pdf<\/a>) MARCELLONI, Maurizio, R\u00e9unifier les politiques urbaines publiques dans un seul projet, p. 391-394<\/p>\n<p>(<a href=\"https:\/\/www.epfl.ch\/labs\/lasur\/wp-content\/uploads\/2018\/05\/MARCELLONI_en.pdf\" target=\"_blank\" rel=\"noreferrer noopener\" aria-label=\"pdf (s\u2019ouvre dans un nouvel onglet)\">pdf<\/a>) MARCELLONI, Maurizio, Consolidating Public Urban Policies in to a Single Project, p. 395-398<\/p>\n<p>(<a href=\"https:\/\/www.epfl.ch\/labs\/lasur\/wp-content\/uploads\/2018\/05\/HEINZ.pdf\" target=\"_blank\" rel=\"noreferrer noopener\" aria-label=\"pdf (s\u2019ouvre dans un nouvel onglet)\">pdf<\/a>) HEINZ, Werner, Vers des villes essentiellement con\u00e7ues pour r\u00e9pondre aux exigences du march\u00e9? p. 399-406<\/p>\n<p>(<a href=\"https:\/\/www.epfl.ch\/labs\/lasur\/wp-content\/uploads\/2018\/05\/HEINZ_en.pdf\" target=\"_blank\" rel=\"noreferrer noopener\" aria-label=\"pdf (s\u2019ouvre dans un nouvel onglet)\">pdf<\/a>) HEINZ, Werner, Towards Cities Primarily Geare d to Market Requirements? p. 407-414<\/p>\n<p>(<a href=\"https:\/\/www.epfl.ch\/labs\/lasur\/wp-content\/uploads\/2018\/05\/GOODCHILD.pdf\" target=\"_blank\" rel=\"noreferrer noopener\" aria-label=\"pdf (s\u2019ouvre dans un nouvel onglet)\">pdf<\/a>) GOODCHILD, Barry, L\u2019habitat et la ville compacte: principes et pratiques en Grande-Bretagne, p. 415-422<\/p>\n<p>(<a href=\"https:\/\/www.epfl.ch\/labs\/lasur\/wp-content\/uploads\/2018\/05\/GOODCHILD_en.pdf\" target=\"_blank\" rel=\"noreferrer noopener\" aria-label=\"pdf (s\u2019ouvre dans un nouvel onglet)\">pdf<\/a>) GOODCHILD, Barry, Housing and Compact City: Princi ples and Practice in Britain, p. 423-430<\/p>\n<p>(<a href=\"https:\/\/www.epfl.ch\/labs\/lasur\/wp-content\/uploads\/2018\/05\/BLAUW.pdf\" target=\"_blank\" rel=\"noreferrer noopener\" aria-label=\"pdf (s\u2019ouvre dans un nouvel onglet)\">pdf<\/a>) BLAUW, Wim, Pertinence des aspects sociologiques dans l\u2019\u00e9tude des processus de morcellement urbain, p. 431-440<\/p>\n<p>(<a href=\"https:\/\/www.epfl.ch\/labs\/lasur\/wp-content\/uploads\/2018\/05\/BLAUW_en.pdf\" target=\"_blank\" rel=\"noreferrer noopener\" aria-label=\"pdf (s\u2019ouvre dans un nouvel onglet)\">pdf<\/a>) BLAUW, Wim, The Relevance of Sociological Perspectives for the Study of Urban Fragmentation Process, p. 441-448<\/p>\n<p>(<a href=\"https:\/\/www.epfl.ch\/labs\/lasur\/wp-content\/uploads\/2018\/05\/WERNER.pdf\" target=\"_blank\" rel=\"noreferrer noopener\" aria-label=\"pdf (s\u2019ouvre dans un nouvel onglet)\">pdf<\/a>) WERNER, Karla, Fragmentation et jonction, p. 449-458<\/p>\n<p>(<a href=\"https:\/\/www.epfl.ch\/labs\/lasur\/wp-content\/uploads\/2018\/05\/WERNER_en.pdf\" target=\"_blank\" rel=\"noreferrer noopener\" aria-label=\"pdf (s\u2019ouvre dans un nouvel onglet)\">pdf<\/a>) WERNER, Karla, Fragmentation and Juncture, p. 459-466<\/p>\n<p>(<a href=\"https:\/\/www.epfl.ch\/labs\/lasur\/wp-content\/uploads\/2018\/05\/LE-DANTEC.pdf\" target=\"_blank\" rel=\"noreferrer noopener\" aria-label=\"pdf (s\u2019ouvre dans un nouvel onglet)\">pdf<\/a>) LE DANTEC, Jean-Pierre, Pour un baroquisme urbain et architectural, p. 467-472<\/p>\n<p>(<a href=\"https:\/\/www.epfl.ch\/labs\/lasur\/wp-content\/uploads\/2018\/05\/LE-DANTEC_en.pdf\" target=\"_blank\" rel=\"noreferrer noopener\" aria-label=\"pdf (s\u2019ouvre dans un nouvel onglet)\">pdf<\/a>) LE DANTEC, Jean-Pierre, For a Baroque Approach to Cities and Architecture, p. 473-478<\/p>\n<p><strong>Volume 8 (1992), n\u00b0 1<\/strong>\u00a0<em>Group Appropriation of Public Space \/<br \/>Appropriation des espaces publics par des groupes<\/em><\/p>\n<p>(<a href=\"https:\/\/www.epfl.ch\/labs\/lasur\/wp-content\/uploads\/2018\/05\/WERNER-v8n1.pdf\" target=\"_blank\" rel=\"noreferrer noopener\" aria-label=\"pdf (s\u2019ouvre dans un nouvel onglet)\">pdf<\/a>) WERNER, Karla, Appropriation of Public Space: Introduction, p. 3-7<\/p>\n<p>(<a href=\"https:\/\/www.epfl.ch\/labs\/lasur\/wp-content\/uploads\/2018\/05\/WERNER_fr-v8n1.pdf\" target=\"_blank\" rel=\"noreferrer noopener\" aria-label=\"pdf (s\u2019ouvre dans un nouvel onglet)\">pdf<\/a>) WERNER, Karla Appropriation de l\u2019espace public: Introduction, p. 8-10<\/p>\n<p>(<a href=\"https:\/\/www.epfl.ch\/labs\/lasur\/wp-content\/uploads\/2018\/05\/CONAN-v8n1.pdf\" target=\"_blank\" rel=\"noreferrer noopener\" aria-label=\"pdf (s\u2019ouvre dans un nouvel onglet)\">pdf<\/a>) CONAN, Michel, Negociating Public Space, p. 11-22<\/p>\n<p>(<a href=\"https:\/\/www.epfl.ch\/labs\/lasur\/wp-content\/uploads\/2018\/05\/SCHREIBERandREISINGER.pdf\" target=\"_blank\" rel=\"noreferrer noopener\" aria-label=\"pdf (s\u2019ouvre dans un nouvel onglet)\">pdf<\/a>) SCHREIBER, Dieter &amp; REISINGER, Uschi, \u00ab\u00a0The Augarten Project\u00a0\u00bb, p. 23-32<\/p>\n<p>(<a href=\"https:\/\/www.epfl.ch\/labs\/lasur\/wp-content\/uploads\/2018\/05\/ZAUMSEIL.pdf\" target=\"_blank\" rel=\"noreferrer noopener\" aria-label=\"pdf (s\u2019ouvre dans un nouvel onglet)\">pdf<\/a>) ZAUMSEIL, Wolfgang, The Creation of the Big Gate of Wangen, p. 33-40<\/p>\n<p>(<a href=\"https:\/\/www.epfl.ch\/labs\/lasur\/wp-content\/uploads\/2018\/05\/BERNDT.pdf\" target=\"_blank\" rel=\"noreferrer noopener\" aria-label=\"pdf (s\u2019ouvre dans un nouvel onglet)\">pdf<\/a>) BERNDT, Heide, Changes in the Symbolic Correspondences between Man and Architecture, p. 41-48<\/p>\n<p>(<a href=\"https:\/\/www.epfl.ch\/labs\/lasur\/wp-content\/uploads\/2018\/05\/NOSCHIS-v8n1.pdf\" target=\"_blank\" rel=\"noreferrer noopener\" aria-label=\"pdf (s\u2019ouvre dans un nouvel onglet)\">pdf<\/a>) NOSCHIS, Kaj, The Inner Child and the City, p. 49-58<\/p>\n<p>(<a href=\"https:\/\/www.epfl.ch\/labs\/lasur\/wp-content\/uploads\/2018\/05\/NOSCHIS_fr-v8n1.pdf\" target=\"_blank\" rel=\"noreferrer noopener\" aria-label=\"pdf (s\u2019ouvre dans un nouvel onglet)\">pdf<\/a>) NOSCHIS, Kaj, L\u2019enfant int\u00e9rieur et la ville, p. 59-68<\/p>\n<p>(<a href=\"https:\/\/www.epfl.ch\/labs\/lasur\/wp-content\/uploads\/2018\/05\/TORSSON.pdf\" target=\"_blank\" rel=\"noreferrer noopener\" aria-label=\"pdf (s\u2019ouvre dans un nouvel onglet)\">pdf<\/a>) TORSSON, Bj\u00f6rner, The Urban Scene and the Concept of Place, p. 69-80<\/p>\n<p>(<a href=\"https:\/\/www.epfl.ch\/labs\/lasur\/wp-content\/uploads\/2018\/05\/RAPOPORT_fr-v8n1.pdf\" target=\"_blank\" rel=\"noreferrer noopener\" aria-label=\"pdf (s\u2019ouvre dans un nouvel onglet)\">pdf<\/a>) RAPOPORT, Amos, Entretien, p. 81-93<\/p>\n<p>(<a href=\"https:\/\/www.epfl.ch\/labs\/lasur\/wp-content\/uploads\/2018\/05\/RAPOPORT_en-v8n1.pdf\" target=\"_blank\" rel=\"noreferrer noopener\" aria-label=\"pdf (s\u2019ouvre dans un nouvel onglet)\">pdf<\/a>) RAPOPORT, Amos, Interview, p. 94-102<\/p>\n<p><strong>Volume 8 (1992), n\u00b0 2<\/strong>\u00a0<em>Women, Space and Cultural Changes \/<br \/>Femmes, espaces et transformations culturelles<\/em><\/p>\n<p>(<a href=\"https:\/\/www.epfl.ch\/labs\/lasur\/wp-content\/uploads\/2018\/05\/DESPRESandPICHE_fr.pdf\" target=\"_blank\" rel=\"noreferrer noopener\" aria-label=\"pdf (s\u2019ouvre dans un nouvel onglet)\">pdf<\/a>) DESPR\u00c9S, Carole &amp; PICH\u00c9, Denise, Femmes et espace: Introduction, p. 113-118<\/p>\n<p>(<a href=\"https:\/\/www.epfl.ch\/labs\/lasur\/wp-content\/uploads\/2018\/05\/DESPRESandPICHE.pdf\" target=\"_blank\" rel=\"noreferrer noopener\" aria-label=\"pdf (s\u2019ouvre dans un nouvel onglet)\">pdf<\/a>) DESPR\u00c9S, Carole &amp; PICH\u00c9, Denise Women and Space: Introduction, p. 119-122<\/p>\n<p>(<a href=\"https:\/\/www.epfl.ch\/labs\/lasur\/wp-content\/uploads\/2018\/05\/BENZERFA-GUERROUDJ.pdf\" target=\"_blank\" rel=\"noreferrer noopener\" aria-label=\"pdf (s\u2019ouvre dans un nouvel onglet)\">pdf<\/a>) BENZERFA-GUERROUDJ, Zineb, Les femmes alg\u00e9riennes dans l\u2019espace public, p.123-136<\/p>\n<p>(<a href=\"https:\/\/www.epfl.ch\/labs\/lasur\/wp-content\/uploads\/2018\/05\/WOLFE.pdf\" target=\"_blank\" rel=\"noreferrer noopener\" aria-label=\"pdf (s\u2019ouvre dans un nouvel onglet)\">pdf<\/a>) WOLFE, Maxine, Invisible Women in Invisible Places, p. 137-158<\/p>\n<p>(<a href=\"https:\/\/www.epfl.ch\/labs\/lasur\/wp-content\/uploads\/2018\/05\/FILIODandWELZER-LANG.pdf\" target=\"_blank\" rel=\"noreferrer noopener\" aria-label=\"pdf (s\u2019ouvre dans un nouvel onglet)\">pdf<\/a>) FILIOD, Jean-Paul &amp; WELZER-LANG, Daniel, L\u2019\u00e9mergence du masculin dans l\u2019espace domestique, p.159-180<\/p>\n<p>(<a href=\"https:\/\/www.epfl.ch\/labs\/lasur\/wp-content\/uploads\/2018\/05\/EL-RAFEY.pdf\" target=\"_blank\" rel=\"noreferrer noopener\" aria-label=\"pdf (s\u2019ouvre dans un nouvel onglet)\">pdf<\/a>) EL-RAFEY, Moshira, Housing and Women\u2019s Needs: Emerging Trends in the Middle East, p. 181-196<\/p>\n<p>(<a href=\"https:\/\/www.epfl.ch\/labs\/lasur\/wp-content\/uploads\/2018\/05\/GREED.pdf\" target=\"_blank\" rel=\"noreferrer noopener\" aria-label=\"pdf (s\u2019ouvre dans un nouvel onglet)\">pdf<\/a>) GREED, Clara H., Women, the Built Environment and the Professional Perspective, in Relation to Women Chartered Surveyors, p. 197-212<\/p>\n<p><strong>Volume 8 (1992), n\u00b0 3\u00a0<\/strong><em>Projet architectural: le d\u00e9fi des outils \/<br \/>Architectural Project : the Challenge of Tools<\/em><\/p>\n<p>(<a href=\"https:\/\/www.epfl.ch\/labs\/lasur\/wp-content\/uploads\/2018\/05\/STOCKLIandWEBER.pdf\" target=\"_blank\" rel=\"noreferrer noopener\" aria-label=\"pdf (s\u2019ouvre dans un nouvel onglet)\">pdf<\/a>) ST\u00d6CKLI, Tobi &amp; WEBER, Benedicht, Le d\u00e9fi des outils pour l\u2019architecte, p. 221-224<\/p>\n<p>(<a href=\"https:\/\/www.epfl.ch\/labs\/lasur\/wp-content\/uploads\/2018\/05\/STOCKLIandWEBER_en.pdf\" target=\"_blank\" rel=\"noreferrer noopener\" aria-label=\"pdf (s\u2019ouvre dans un nouvel onglet)\">pdf<\/a>) ST\u00d6CKLI, Tobi &amp; WEBER, Benedicht, The Challenge of Tools for the Architect , p. 225-228<\/p>\n<p>(<a href=\"https:\/\/www.epfl.ch\/labs\/lasur\/wp-content\/uploads\/2018\/05\/LAWRENCE-v8n3.pdf\" target=\"_blank\" rel=\"noreferrer noopener\" aria-label=\"pdf (s\u2019ouvre dans un nouvel onglet)\">pdf<\/a>) LAWRENCE, Roderick J., Characteristics of Architectural Design Tools, p. 229-240<\/p>\n<p>(<a href=\"https:\/\/www.epfl.ch\/labs\/lasur\/wp-content\/uploads\/2018\/05\/HORNYANSZKY_DALHOLMandRYDBERG-MITCHELL.pdf\" target=\"_blank\" rel=\"noreferrer noopener\" aria-label=\"pdf (s\u2019ouvre dans un nouvel onglet)\">pdf<\/a>) HORNYANSZKY DALHOLM, Elisabeth &amp; RYDBERG-MITCHELL, Birgitta, Communicating with Laypeople, p. 241-252<\/p>\n<p>(<a href=\"https:\/\/www.epfl.ch\/labs\/lasur\/wp-content\/uploads\/2018\/05\/TWEEDandWOOLLEY.pdf\" target=\"_blank\" rel=\"noreferrer noopener\" aria-label=\"pdf (s\u2019ouvre dans un nouvel onglet)\">pdf<\/a>) TWEED, Chris &amp; WOOLLEY, Tom, User Participation in Design: Techniques for Dialogue, p. 253-264<\/p>\n<p>(<a href=\"https:\/\/www.epfl.ch\/labs\/lasur\/wp-content\/uploads\/2018\/05\/MARTENS.pdf\" target=\"_blank\" rel=\"noreferrer noopener\" aria-label=\"pdf (s\u2019ouvre dans un nouvel onglet)\">pdf<\/a>) MARTENS, Bob, Tools for Visual Simulation of Space and their Use by Students, p. 265-272<\/p>\n<p>(<a href=\"https:\/\/www.epfl.ch\/labs\/lasur\/wp-content\/uploads\/2018\/05\/STOCKLI.pdf\" target=\"_blank\" rel=\"noreferrer noopener\" aria-label=\"pdf (s\u2019ouvre dans un nouvel onglet)\">pdf<\/a>) ST\u00d6CKLI, Tobi, The Measurable and the Unmeasurable or from Form to Design to Existence, p. 273-284<\/p>\n<p>(<a href=\"https:\/\/www.epfl.ch\/labs\/lasur\/wp-content\/uploads\/2018\/05\/WEBER-v8n3.pdf\" target=\"_blank\" rel=\"noreferrer noopener\" aria-label=\"pdf (s\u2019ouvre dans un nouvel onglet)\">pdf<\/a>) WEBER, Benedicht, Using Tools: Six Affirmations, p. 285-292<\/p>\n<p><strong>Volume 8 (1992), n\u00b0 4<\/strong><\/p>\n<p>(<a href=\"https:\/\/www.epfl.ch\/labs\/lasur\/wp-content\/uploads\/2018\/05\/BONNIN.pdf\" target=\"_blank\" rel=\"noreferrer noopener\" aria-label=\"pdf (s\u2019ouvre dans un nouvel onglet)\">pdf<\/a>) BONNIN, Philippe, Modernisation et modes d\u2019habiter: notes d\u2019un Europ\u00e9en sur une maison rurale japonaise, p. 305-332<\/p>\n<p>(<a href=\"https:\/\/www.epfl.ch\/labs\/lasur\/wp-content\/uploads\/2018\/05\/RAYNAUD.pdf\" target=\"_blank\" rel=\"noreferrer noopener\" aria-label=\"pdf (s\u2019ouvre dans un nouvel onglet)\">pdf<\/a>) RAYNAUD, Dominique, Symbolisme de la porte, p. 333-352<\/p>\n<p>(<a href=\"https:\/\/www.epfl.ch\/labs\/lasur\/wp-content\/uploads\/2018\/05\/OZKAN.pdf\" target=\"_blank\" rel=\"noreferrer noopener\" aria-label=\"pdf (s\u2019ouvre dans un nouvel onglet)\">pdf<\/a>) \u00d6ZKAN, Suha, R\u00e9gionalisme et mouvement moderne \u2013 \u00e0 la recherche d\u2019une architecture contemporaine en harmonie avec la culture, P. 353-366<\/p>\n<p>(<a href=\"https:\/\/www.epfl.ch\/labs\/lasur\/wp-content\/uploads\/2018\/05\/KAITILLA-v8n4.pdf\" target=\"_blank\" rel=\"noreferrer noopener\" aria-label=\"pdf (s\u2019ouvre dans un nouvel onglet)\">pdf<\/a>) KAITILLA, Sababu, The Influence of Overseas Trade on Housing Quality among the Siassi of Papua New Guinea, p. 367-378<\/p>\n<p>(<a href=\"https:\/\/www.epfl.ch\/labs\/lasur\/wp-content\/uploads\/2018\/05\/LOUDON.pdf\" target=\"_blank\" rel=\"noreferrer noopener\" aria-label=\"pdf (s\u2019ouvre dans un nouvel onglet)\">pdf<\/a>) LOUDON, Michael, An Architecture Indicative of Collective Use, p. 379-386<\/p>\n<p>(<a href=\"https:\/\/www.epfl.ch\/labs\/lasur\/wp-content\/uploads\/2018\/05\/ALBANESE.pdf\" target=\"_blank\" rel=\"noreferrer noopener\" aria-label=\"pdf (s\u2019ouvre dans un nouvel onglet)\">pdf<\/a>) ALBANESE, Roberto, Animation \u00e9cologique et environnement, p. 387-394<\/p>\n<p><strong>Volume 9 (1993), n\u00b0 1<\/strong>\u00a0<em>Priorities for Research on Human Aspects of the Built Environment<\/em><\/p>\n<p>(<a href=\"https:\/\/www.epfl.ch\/labs\/lasur\/wp-content\/uploads\/2018\/05\/CHAPIN-v9n1.pdf\">pdf<\/a>) CHAPIN, David, New Directions in Environmental Design Research: Introduction \/ Nouvelles directions de la recherche sur l\u2019environnement construit: Introduction, p. 5-22<\/p>\n<p>(<a href=\"https:\/\/www.epfl.ch\/labs\/lasur\/wp-content\/uploads\/2018\/05\/NORDSTROM-v9n1.pdf\" target=\"_blank\" rel=\"noreferrer noopener\" aria-label=\"pdf (s\u2019ouvre dans un nouvel onglet)\">pdf<\/a>) NORDSTR\u00d6M, Maria, The Fundamental Importance of Outdoor Space in the Experience of the Built Environment \u2013 A Developmental Psychology Perspective on Some Recent Swedish Studies, p. 23-38<\/p>\n<p>(<a href=\"https:\/\/www.epfl.ch\/labs\/lasur\/wp-content\/uploads\/2018\/05\/WARD.pdf\" target=\"_blank\" rel=\"noreferrer noopener\" aria-label=\"pdf (s\u2019ouvre dans un nouvel onglet)\">pdf<\/a>) WARD, Anthony, Resistance or Reaction? The Cultural Politics of Design, p. 39-68<\/p>\n<p>(<a href=\"https:\/\/www.epfl.ch\/labs\/lasur\/wp-content\/uploads\/2018\/05\/SAEGERT.pdf\" target=\"_blank\" rel=\"noreferrer noopener\" aria-label=\"pdf (s\u2019ouvre dans un nouvel onglet)\">pdf<\/a>) SAEGERT, Susan, Charged Contexts: Difference, Emotion and Power in Environmental Design Research, p.69-84<\/p>\n<p>(<a href=\"https:\/\/www.epfl.ch\/labs\/lasur\/wp-content\/uploads\/2018\/05\/WINKEL.pdf\" target=\"_blank\" rel=\"noreferrer noopener\" aria-label=\"pdf (s\u2019ouvre dans un nouvel onglet)\">pdf<\/a>) WINKEL, Gary H., Environmental Design Evaluation as a Change Oriented Research Process, p. 85-98<\/p>\n<p>(<a href=\"https:\/\/www.epfl.ch\/labs\/lasur\/wp-content\/uploads\/2018\/05\/CHAPINandCOOPER_MARCUS.pdf\" target=\"_blank\" rel=\"noreferrer noopener\" aria-label=\"pdf (s\u2019ouvre dans un nouvel onglet)\">pdf<\/a>) CHAPIN, David &amp; COOPER MARCUS, Claire, Design Guidelines: Reflections of Experiences Passed, p. 99-120<\/p>\n<p>(<a href=\"https:\/\/www.epfl.ch\/labs\/lasur\/wp-content\/uploads\/2018\/05\/SCHNEEKLOTHandSHIBLEY.pdf\" target=\"_blank\" rel=\"noreferrer noopener\" aria-label=\"pdf (s\u2019ouvre dans un nouvel onglet)\">pdf<\/a>) SCHNEEKLOTH, Lynda H. &amp; SHIBLEY, Robert G., The Practice of Placemaking, p. 121-144<\/p>\n<p>(<a href=\"https:\/\/www.epfl.ch\/labs\/lasur\/wp-content\/uploads\/2018\/05\/LEVY-LEBOYER-v9n1.pdf\" target=\"_blank\" rel=\"noreferrer noopener\" aria-label=\"pdf (s\u2019ouvre dans un nouvel onglet)\">pdf<\/a>) LEVY-LEBOYER, Claude, Four Topics for Environmental Psychology, p.145-150<\/p>\n<p><strong>Volume 9 (1993), n\u00b0 2<\/strong>\u00a0<em>Lay-Out of Sacred Places \/ L\u2019am\u00e9nagement de lieux sacr\u00e9s<\/em><\/p>\n<p>(<a href=\"https:\/\/www.epfl.ch\/labs\/lasur\/wp-content\/uploads\/2018\/05\/SINGH_en.pdf\" target=\"_blank\" rel=\"noreferrer noopener\" aria-label=\"pdf (s\u2019ouvre dans un nouvel onglet)\">pdf<\/a>) SINGH, Rana P. B., The Layout of Sacred Places: Introduction, p.<br \/>161-162<\/p>\n<p>(<a href=\"https:\/\/www.epfl.ch\/labs\/lasur\/wp-content\/uploads\/2018\/05\/SINGH_fr.pdf\" target=\"_blank\" rel=\"noreferrer noopener\" aria-label=\"pdf (s\u2019ouvre dans un nouvel onglet)\">pdf<\/a>) SINGH, Rana P. B., L\u2019\u00e9laboration de lieux sacr\u00e9s: Introduction, p. 163-164<\/p>\n<p>(<a href=\"https:\/\/www.epfl.ch\/labs\/lasur\/wp-content\/uploads\/2018\/05\/SWAN.pdf\" target=\"_blank\" rel=\"noreferrer noopener\" aria-label=\"pdf (s\u2019ouvre dans un nouvel onglet)\">pdf<\/a>) SWAN, James A., Sacred Places of North America: Past, Present and Future, p. 165-176<\/p>\n<p>(<a href=\"https:\/\/www.epfl.ch\/labs\/lasur\/wp-content\/uploads\/2018\/05\/HUGHES.pdf\" target=\"_blank\" rel=\"noreferrer noopener\" aria-label=\"pdf (s\u2019ouvre dans un nouvel onglet)\">pdf<\/a>) HUGHES, J. Donald, Great Kivas of the American Southwest, p. 177-190<\/p>\n<p>(<a href=\"https:\/\/www.epfl.ch\/labs\/lasur\/wp-content\/uploads\/2018\/05\/WU.pdf\" target=\"_blank\" rel=\"noreferrer noopener\" aria-label=\"pdf (s\u2019ouvre dans un nouvel onglet)\">pdf<\/a>) WU, Kingsley K., Pilgrim Cathedral \u2013 Santiago de Compostela: Sketches and Notations on the Legacy of Cultural Interchange, p. 191-204<\/p>\n<p>(<a href=\"https:\/\/www.epfl.ch\/labs\/lasur\/wp-content\/uploads\/2018\/05\/BRENNEMAN_Jr.pdf\" target=\"_blank\" rel=\"noreferrer noopener\" aria-label=\"pdf (s\u2019ouvre dans un nouvel onglet)\">pdf<\/a>) BRENNEMAN Jr., Walter L., Pilgrimage and Place: the Reciprocal Relationship of Topographical Context and Religious Image at Medjugorje, p. 205-212<\/p>\n<p>(<a href=\"https:\/\/www.epfl.ch\/labs\/lasur\/wp-content\/uploads\/2018\/05\/JOHNSON-v9n2.pdf\" target=\"_blank\" rel=\"noreferrer noopener\" aria-label=\"pdf (s\u2019ouvre dans un nouvel onglet)\">pdf<\/a>) JOHNSON, Norris Brock, Zen Buddhist Landscapes and the Idea of Temple: Muso Kokushi and Zuisen-Ji, Kamakura, Japan, p. 213-226<\/p>\n<p>(<a href=\"https:\/\/www.epfl.ch\/labs\/lasur\/wp-content\/uploads\/2018\/05\/MEYER.pdf\" target=\"_blank\" rel=\"noreferrer noopener\" aria-label=\"pdf (s\u2019ouvre dans un nouvel onglet)\">pdf<\/a>) MEYER; Jeffrey F., Rural Villages and Buddhist Monasteries: Contrasting Spatial Orientations in China, p. 227-238<\/p>\n<p>(<a href=\"https:\/\/www.epfl.ch\/labs\/lasur\/wp-content\/uploads\/2018\/05\/SINGH.pdf\" target=\"_blank\" rel=\"noreferrer noopener\" aria-label=\"pdf (s\u2019ouvre dans un nouvel onglet)\">pdf<\/a>) SINGH, Rana P. B., Cosmic Layout of Hindus\u2019 Sacred City, Varanasi (Benares), p. 239-250<\/p>\n<p>(<a href=\"https:\/\/www.epfl.ch\/labs\/lasur\/wp-content\/uploads\/2018\/05\/JACKSON.pdf\" target=\"_blank\" rel=\"noreferrer noopener\" aria-label=\"pdf (s\u2019ouvre dans un nouvel onglet)\">pdf<\/a>) JACKSON, Richard H., Sacred Space and City Planning: the Mormon Example, p. 251-260<\/p>\n<p>(<a href=\"https:\/\/www.epfl.ch\/labs\/lasur\/wp-content\/uploads\/2018\/05\/EMMETT.pdf\" target=\"_blank\" rel=\"noreferrer noopener\" aria-label=\"pdf (s\u2019ouvre dans un nouvel onglet)\">pdf<\/a>) EMMETT, Chad F., Political Manifestations in the Religious Landscape of Jerusalem, p. 261-274<\/p>\n<p><strong>Volume 9 (1993), n\u00b0 3<\/strong>\u00a0<em>La ville de tous les sens \/ The City of All Senses<\/em><\/p>\n<p>(<a href=\"https:\/\/www.epfl.ch\/labs\/lasur\/wp-content\/uploads\/2018\/05\/REBOIS-v9n3.pdf\" target=\"_blank\" rel=\"noreferrer noopener\" aria-label=\"pdf (s\u2019ouvre dans un nouvel onglet)\">pdf<\/a>) REBOIS, Didier, La ville de tous les sens: Introduction, p. 281-282<\/p>\n<p>(<a href=\"https:\/\/www.epfl.ch\/labs\/lasur\/wp-content\/uploads\/2018\/05\/REBOIS_en-v9n3.pdf\" target=\"_blank\" rel=\"noreferrer noopener\" aria-label=\"pdf (s\u2019ouvre dans un nouvel onglet)\">pdf<\/a>) REBOIS, Didier, City of All the Senses: Introduction, p. 283-284<\/p>\n<p>(<a href=\"https:\/\/www.epfl.ch\/labs\/lasur\/wp-content\/uploads\/2018\/05\/PERRINJAQUETandPARAVICINI.pdf\" target=\"_blank\" rel=\"noreferrer noopener\" aria-label=\"pdf (s\u2019ouvre dans un nouvel onglet)\">pdf<\/a>) PERRINJAQUET, Roger &amp; PARAVICINI, Ursula, Chez soi en ville \u2013 vers une p\u00e9riph\u00e9rie du futur, p. 285-298<\/p>\n<p>(<a href=\"https:\/\/www.epfl.ch\/labs\/lasur\/wp-content\/uploads\/2018\/05\/PERRINJAQUETand-PARAVICINI_en.pdf\" target=\"_blank\" rel=\"noreferrer noopener\" aria-label=\"pdf (s\u2019ouvre dans un nouvel onglet)\">pdf<\/a>) PERRINJAQUET, Roger &amp; PARAVICINI, Ursula, At Home in the City \u2013 Towards an Urban Periphery of the Future, p. 299-312<\/p>\n<p>(<a href=\"https:\/\/www.epfl.ch\/labs\/lasur\/wp-content\/uploads\/2018\/05\/SIMEOFORIDIS.pdf\" target=\"_blank\" rel=\"noreferrer noopener\" aria-label=\"pdf (s\u2019ouvre dans un nouvel onglet)\">pdf<\/a>) SIMEOFORIDIS, Yorgos, Du paysage et des espaces libres, p. 313-320<\/p>\n<p>(<a href=\"https:\/\/www.epfl.ch\/labs\/lasur\/wp-content\/uploads\/2018\/05\/SECCHI.pdf\">pdf<\/a>) SIMEOFORIDIS, Yorgos, On Landscape and Open Spaces, p. 321-328<\/p>\n<p>(<a href=\"https:\/\/www.epfl.ch\/labs\/lasur\/wp-content\/uploads\/2018\/05\/SECCHI_en.pdf\" target=\"_blank\" rel=\"noreferrer noopener\" aria-label=\"pdf (s\u2019ouvre dans un nouvel onglet)\">pdf<\/a>) SECCHI, Bernardo, Les transformations de l\u2019habitat urbain, p. 329-336<\/p>\n<p>(<a href=\"https:\/\/www.epfl.ch\/labs\/lasur\/wp-content\/uploads\/2018\/05\/SECCHI_en.pdf\" target=\"_blank\" rel=\"noreferrer noopener\" aria-label=\"pdf (s\u2019ouvre dans un nouvel onglet)\">pdf<\/a>) SECCHI, Bernardo, The Transformation of the Urban Habitat, p. 337-346<\/p>\n<p>(<a href=\"https:\/\/www.epfl.ch\/labs\/lasur\/wp-content\/uploads\/2018\/05\/SEGAUD.pdf\" target=\"_blank\" rel=\"noreferrer noopener\" aria-label=\"pdf (s\u2019ouvre dans un nouvel onglet)\">pdf<\/a>) SEGAUD, Marion, Paradoxes du \u00ab\u00a0chez soi en ville\u00a0\u00bb, p. 347-350<\/p>\n<p>(<a href=\"https:\/\/www.epfl.ch\/labs\/lasur\/wp-content\/uploads\/2018\/05\/SEGAUD_en.pdf\" target=\"_blank\" rel=\"noreferrer noopener\" aria-label=\"pdf (s\u2019ouvre dans un nouvel onglet)\">pdf<\/a>) SEGAUD, Marion, The Paradoxes of Being at Home in the City, p.351-354<\/p>\n<p>(<a href=\"https:\/\/www.epfl.ch\/labs\/lasur\/wp-content\/uploads\/2018\/05\/CALVET_MULLERAS.pdf\" target=\"_blank\" rel=\"noreferrer noopener\" aria-label=\"pdf (s\u2019ouvre dans un nouvel onglet)\">pdf<\/a>) CALVET MULLERAS, Luis, Au miroir de l\u2019eau, p. 355-360<\/p>\n<p>(<a href=\"https:\/\/www.epfl.ch\/labs\/lasur\/wp-content\/uploads\/2018\/05\/CALVET_MULLERAS_en.pdf\" target=\"_blank\" rel=\"noreferrer noopener\" aria-label=\"pdf (s\u2019ouvre dans un nouvel onglet)\">pdf<\/a>) CALVET MULLERAS, Luis, Water Reflection, p. 361-366<\/p>\n<p>(<a href=\"https:\/\/www.epfl.ch\/labs\/lasur\/wp-content\/uploads\/2018\/05\/BERNARD.pdf\" target=\"_blank\" rel=\"noreferrer noopener\" aria-label=\"pdf (s\u2019ouvre dans un nouvel onglet)\">pdf<\/a>) BERNARD, Yvonne, Les espaces de l\u2019intimit\u00e9, p. 367-372<\/p>\n<p>(<a href=\"https:\/\/www.epfl.ch\/labs\/lasur\/wp-content\/uploads\/2018\/05\/BERNARD_en.pdf\" target=\"_blank\" rel=\"noreferrer noopener\" aria-label=\"pdf (s\u2019ouvre dans un nouvel onglet)\">pdf<\/a>) BERNARD, Yvonne, Intimate Spaces, p. 373-378<\/p>\n<p>(<a href=\"https:\/\/www.epfl.ch\/labs\/lasur\/wp-content\/uploads\/2018\/05\/AMPHOUX-v9n3.pdf\" target=\"_blank\" rel=\"noreferrer noopener\" aria-label=\"pdf (s\u2019ouvre dans un nouvel onglet)\">pdf<\/a>) AMPHOUX, Pascal, Signatures, configurations et effets sonores, p. 379-386<\/p>\n<p>(<a href=\"https:\/\/www.epfl.ch\/labs\/lasur\/wp-content\/uploads\/2018\/05\/AMPHOUX_en-v9n3.pdf\" target=\"_blank\" rel=\"noreferrer noopener\" aria-label=\"pdf (s\u2019ouvre dans un nouvel onglet)\">pdf<\/a>) AMPHOUX, Pascal, Sound Signatures, Configurations and Effects, p. 387-396<\/p>\n<p>(<a href=\"https:\/\/www.epfl.ch\/labs\/lasur\/wp-content\/uploads\/2018\/05\/JOSEPH.pdf\" target=\"_blank\" rel=\"noreferrer noopener\" aria-label=\"pdf (s\u2019ouvre dans un nouvel onglet)\">pdf<\/a>) JOSEPH, Isaac, L\u2019espace public et le visible, p. 397-402<\/p>\n<p>(<a href=\"https:\/\/www.epfl.ch\/labs\/lasur\/wp-content\/uploads\/2018\/05\/JOSEPH_en.pdf\" target=\"_blank\" rel=\"noreferrer noopener\" aria-label=\"pdf (s\u2019ouvre dans un nouvel onglet)\">pdf<\/a>) JOSEPH, Isaac, Public Spaces and Visibility, p. 403-408<\/p>\n<p>(<a href=\"https:\/\/www.epfl.ch\/labs\/lasur\/wp-content\/uploads\/2018\/05\/ELEB_HARLE.pdf\" target=\"_blank\" rel=\"noreferrer noopener\" aria-label=\"pdf (s\u2019ouvre dans un nouvel onglet)\">pdf<\/a>) ELEB HARLE, Nicole, R\u00f4les et significations des espaces de transitions: quelques orientations de r\u00e9flexions, p. 409-416<\/p>\n<p>(<a href=\"https:\/\/www.epfl.ch\/labs\/lasur\/wp-content\/uploads\/2018\/05\/ELEB_HARLE_en.pdf\" target=\"_blank\" rel=\"noreferrer noopener\" aria-label=\"pdf (s\u2019ouvre dans un nouvel onglet)\">pdf<\/a>) ELEB HARLE, Nicole, Roles and Meanin gs of Transitional Spaces: Some Aspects for Consideration, p. 417-424<\/p>\n<p><strong>Volume 9 (1993), n\u00b0 4<\/strong><\/p>\n<p>(<a href=\"https:\/\/www.epfl.ch\/labs\/lasur\/wp-content\/uploads\/2018\/05\/AMPHOUX-v9n4.pdf\" target=\"_blank\" rel=\"noreferrer noopener\" aria-label=\"pdf (s\u2019ouvre dans un nouvel onglet)\">pdf<\/a>) AMPHOUX, Pascal, L\u2019arbre, la pente et la ville, p. 431-442<\/p>\n<p>(<a href=\"https:\/\/www.epfl.ch\/labs\/lasur\/wp-content\/uploads\/2018\/05\/HETZEL.pdf\" target=\"_blank\" rel=\"noreferrer noopener\" aria-label=\"pdf (s\u2019ouvre dans un nouvel onglet)\">pdf<\/a>) HETZEL, Patrick, Les mutations du design d\u2019environnement comme expression de la postmodernit\u00e9 dans le secteur de la lingerie f\u00e9minine, p. 443-462<\/p>\n<p>(<a href=\"https:\/\/www.epfl.ch\/labs\/lasur\/wp-content\/uploads\/2018\/05\/VAN_VLIET.pdf\" target=\"_blank\" rel=\"noreferrer noopener\" aria-label=\"pdf (s\u2019ouvre dans un nouvel onglet)\">pdf<\/a>) van VLIET, Willem, New Housing for Older People, p. 463-474<\/p>\n<p>(<a href=\"https:\/\/www.epfl.ch\/labs\/lasur\/wp-content\/uploads\/2018\/05\/LEVY-LEBOYERandRATIU.pdf\" target=\"_blank\" rel=\"noreferrer noopener\" aria-label=\"pdf (s\u2019ouvre dans un nouvel onglet)\">pdf<\/a>) LEVY-LEBOYER, Claude &amp; RATIU, Eug\u00e9nia, The Need for Space and Residential Satisfaction, p. 475-490<\/p>\n<p>(<a href=\"https:\/\/www.epfl.ch\/labs\/lasur\/wp-content\/uploads\/2018\/05\/MONTE_VERITA.pdf\" target=\"_blank\" rel=\"noreferrer noopener\" aria-label=\"pdf (s\u2019ouvre dans un nouvel onglet)\">pdf<\/a>) MONTE VERITA, 1er Colloque d\u2019Architecture &amp; Comportement \/<br \/>1st Colloquium of Architecture &amp; Behaviour, p. 491-520<\/p>\n<p><strong>Volume 10 (1994), n\u00b0 1<\/strong>\u00a0<em>Climatic Factors \/ Facteurs climatiques<\/em><\/p>\n<p>(<a href=\"https:\/\/www.epfl.ch\/labs\/lasur\/wp-content\/uploads\/2018\/05\/PRESSMAN.pdf\" target=\"_blank\" rel=\"noreferrer noopener\" aria-label=\"pdf (s\u2019ouvre dans un nouvel onglet)\">pdf<\/a>) PRESSMAN, Norman, Climatic Factors in Environmental Design: Introduction, p. 5-8<\/p>\n<p>(<a href=\"https:\/\/www.epfl.ch\/labs\/lasur\/wp-content\/uploads\/2018\/05\/PRESSMAN_fr.pdf\" target=\"_blank\" rel=\"noreferrer noopener\" aria-label=\"pdf (s\u2019ouvre dans un nouvel onglet)\">pdf<\/a>) PRESSMAN, Norman, Facteurs climatiques dans l\u2019am\u00e9nagement urbain: Introduction, p. 9-12<\/p>\n<p>(<a href=\"https:\/\/www.epfl.ch\/labs\/lasur\/wp-content\/uploads\/2018\/05\/LUTTGENandPRESSMAN.pdf\" target=\"_blank\" rel=\"noreferrer noopener\" aria-label=\"pdf (s\u2019ouvre dans un nouvel onglet)\">pdf<\/a>) L\u00dcTTGEN, Annie &amp; PRESSMAN, Norman, Internationalisation et ville anticlimatique, p. 13-26<\/p>\n<p>(<a href=\"https:\/\/www.epfl.ch\/labs\/lasur\/wp-content\/uploads\/2018\/05\/SUPIC.pdf\" target=\"_blank\" rel=\"noreferrer noopener\" aria-label=\"pdf (s\u2019ouvre dans un nouvel onglet)\">pdf<\/a>) SUPIC, Plemenka, L\u2019aspect bioclimatique de l\u2019habitat vernaculaire, p. 27-48<\/p>\n<p>(<a href=\"https:\/\/www.epfl.ch\/labs\/lasur\/wp-content\/uploads\/2018\/05\/WESTERBERG.pdf\" target=\"_blank\" rel=\"noreferrer noopener\" aria-label=\"pdf (s\u2019ouvre dans un nouvel onglet)\">pdf<\/a>) WESTERBERG, Ulla, Climatic Planning: Physics or Symbolism?, p. 49-72<\/p>\n<p>(<a href=\"https:\/\/www.epfl.ch\/labs\/lasur\/wp-content\/uploads\/2018\/05\/PIHLAK.pdf\" target=\"_blank\" rel=\"noreferrer noopener\" aria-label=\"pdf (s\u2019ouvre dans un nouvel onglet)\">pdf<\/a>) PIHLAK, Madis, Outdoor Comfort: Hot Desert and Cold Winter Cities, p. 73-94<\/p>\n<p>(<a href=\"https:\/\/www.epfl.ch\/labs\/lasur\/wp-content\/uploads\/2018\/05\/LI.pdf\" target=\"_blank\" rel=\"noreferrer noopener\" aria-label=\"pdf (s\u2019ouvre dans un nouvel onglet)\">pdf<\/a>) LI, Shaogang, Users\u2019 Behaviour in Small Urban Spaces, p. 95-110<\/p>\n<p>(<a href=\"https:\/\/www.epfl.ch\/labs\/lasur\/wp-content\/uploads\/2018\/05\/BOUILLOT.pdf\" target=\"_blank\" rel=\"noreferrer noopener\" aria-label=\"pdf (s\u2019ouvre dans un nouvel onglet)\">pdf<\/a>) BOUILLOT, Jean, Un fichier bioclimatique, p. 111-122<\/p>\n<p>(<a href=\"https:\/\/www.epfl.ch\/labs\/lasur\/wp-content\/uploads\/2018\/05\/EVANSandSCHILLER.pdf\" target=\"_blank\" rel=\"noreferrer noopener\" aria-label=\"pdf (s\u2019ouvre dans un nouvel onglet)\">pdf<\/a>) EVANS, Martin &amp; SCHILLER, Silvia de, Climate, Outdoor Space and Design, p. 123-128<\/p>\n<p>(<a href=\"https:\/\/www.epfl.ch\/labs\/lasur\/wp-content\/uploads\/2018\/05\/NICOLA.pdf\" target=\"_blank\" rel=\"noreferrer noopener\" aria-label=\"pdf (s\u2019ouvre dans un nouvel onglet)\">pdf<\/a>) NICOLA, Charles-Erico, Entretien, p. 129-131<\/p>\n<p><strong>Volume 10 (1994), n\u00b0 2<\/strong><\/p>\n<p>(<a href=\"https:\/\/www.epfl.ch\/labs\/lasur\/wp-content\/uploads\/2018\/05\/CORBOZ.pdf\" target=\"_blank\" rel=\"noreferrer noopener\" aria-label=\"pdf (s\u2019ouvre dans un nouvel onglet)\">pdf<\/a>) CORBOZ, Andr\u00e9, La Suisse, fragment de la galaxie urbaine europ\u00e9enne, p. 143-150<\/p>\n<p>(<a href=\"https:\/\/www.epfl.ch\/labs\/lasur\/wp-content\/uploads\/2018\/05\/RACINE.pdf\" target=\"_blank\" rel=\"noreferrer noopener\" aria-label=\"pdf (s\u2019ouvre dans un nouvel onglet)\">pdf<\/a>) RACINE, Jean-Bernard, La foi dans la ville: la ville et le sacr\u00e9,<br \/>p. 151-162<\/p>\n<p>(<a href=\"https:\/\/www.epfl.ch\/labs\/lasur\/wp-content\/uploads\/2018\/05\/SANSOT-v10n2.pdf\" target=\"_blank\" rel=\"noreferrer noopener\" aria-label=\"pdf (s\u2019ouvre dans un nouvel onglet)\">pdf<\/a>) SANSOT, Pierre, Rencontres urbaines, p. 163-168<\/p>\n<p>(<a href=\"https:\/\/www.epfl.ch\/labs\/lasur\/wp-content\/uploads\/2018\/05\/ABU-GHAZZEH.pdf\" target=\"_blank\" rel=\"noreferrer noopener\" aria-label=\"pdf (s\u2019ouvre dans un nouvel onglet)\">pdf<\/a>) ABU-GHAZZEH, Tawfiq M., Human Purposes and the Spatial Formation of Open Spaces \u2013 Al-Alkhalaf, Saudi Arabia, p. 169-188<\/p>\n<p>(<a href=\"https:\/\/www.epfl.ch\/labs\/lasur\/wp-content\/uploads\/2018\/05\/OSMANandSULIMAN.pdf\" target=\"_blank\" rel=\"noreferrer noopener\" aria-label=\"pdf (s\u2019ouvre dans un nouvel onglet)\">pdf<\/a>) OSMAN, Khadiga M. &amp; SULIMAN, Mamoun, The Space Syntax Methodology: Fits and Misfits, p. 189-204<\/p>\n<p>(<a href=\"https:\/\/www.epfl.ch\/labs\/lasur\/wp-content\/uploads\/2018\/05\/REBOIS-v10n2.pdf\" target=\"_blank\" rel=\"noreferrer noopener\" aria-label=\"pdf (s\u2019ouvre dans un nouvel onglet)\">pdf<\/a>) REBOIS, Didier, Lectures crois\u00e9es des r\u00e9sultats d\u2019Europan 3 \/ Various Reviews of EUROPAN 3\u2019s Results, p. 209-221<\/p>\n<p><strong>Volume 10 (1994), n\u00b0 3<\/strong>\u00a0<em>Mod\u00e8les d\u2019habiter au Maghreb \/ Habitat Patterns in Maghreb Countries<\/em><\/p>\n<p>(<a href=\"https:\/\/www.epfl.ch\/labs\/lasur\/wp-content\/uploads\/2018\/05\/NAVEZ-BOUCHANINE_fr.pdf\" target=\"_blank\" rel=\"noreferrer noopener\" aria-label=\"pdf (s\u2019ouvre dans un nouvel onglet)\">pdf<\/a>) NAVEZ-BOUCHANINE, Fran\u00e7oise, Logique des concepteurs et comp\u00e9tence des habitants: Introduction, p. 237-241<\/p>\n<p>(<a href=\"https:\/\/www.epfl.ch\/labs\/lasur\/wp-content\/uploads\/2018\/05\/NAVEZ-BOUCHANINE_en.pdf\" target=\"_blank\" rel=\"noreferrer noopener\" aria-label=\"pdf (s\u2019ouvre dans un nouvel onglet)\">pdf<\/a>) NAVEZ-BOUCHANINE, Fran\u00e7oise, Designers\u2019 Logic and Dwellers\u2019 Competence: Introduction, p. 242-246<\/p>\n<p>(<a href=\"https:\/\/www.epfl.ch\/labs\/lasur\/wp-content\/uploads\/2018\/05\/SIDI_BOUMEDINE.pdf\" target=\"_blank\" rel=\"noreferrer noopener\" aria-label=\"pdf (s\u2019ouvre dans un nouvel onglet)\">pdf<\/a>) SIDI BOUMEDINE, Rachid, Changement des formes et p\u00e9rennit\u00e9 des strat\u00e9gies dans l\u2019architecture familiale en Alg\u00e9rie, p. 247-258<\/p>\n<p>(<a href=\"https:\/\/www.epfl.ch\/labs\/lasur\/wp-content\/uploads\/2018\/05\/BEN_ABDALLAH-SEMMOUD.pdf\" target=\"_blank\" rel=\"noreferrer noopener\" aria-label=\"pdf (s\u2019ouvre dans un nouvel onglet)\">pdf<\/a>) BEN ABDALLAH-SEMMOUD, Nora, Pratiques urbaines et strat\u00e9gies spatiales des groupes sociaux, p. 259-276<\/p>\n<p>(<a href=\"https:\/\/www.epfl.ch\/labs\/lasur\/wp-content\/uploads\/2018\/05\/BENSLIMANE.pdf\" target=\"_blank\" rel=\"noreferrer noopener\" aria-label=\"pdf (s\u2019ouvre dans un nouvel onglet)\">pdf<\/a>) BENSLIMANE, Moncef, Conception et usage du logement public \u00e0 Tunis (Le cas de la Cit\u00e9 Ibn Khaldoun), p. 275-294<\/p>\n<p>(<a href=\"https:\/\/www.epfl.ch\/labs\/lasur\/wp-content\/uploads\/2018\/05\/NAVEZ-BOUCHANINE.pdf\" target=\"_blank\" rel=\"noreferrer noopener\" aria-label=\"pdf (s\u2019ouvre dans un nouvel onglet)\">pdf<\/a>) NAVEZ-BOUCHANINE, Fran\u00e7oise, Que faire des mod\u00e8les d\u2019habiter? p. 295-316<\/p>\n<p>(<a href=\"https:\/\/www.epfl.ch\/labs\/lasur\/wp-content\/uploads\/2018\/05\/LEUENBERGERandPLANCHEREL.pdf\" target=\"_blank\" rel=\"noreferrer noopener\" aria-label=\"pdf (s\u2019ouvre dans un nouvel onglet)\">pdf<\/a>) LEUENBERGER, Karoline &amp; PLANCHEREL, Jean-Marie, Les mod\u00e8les d\u2019habiter: de l\u2019habitant \u00e0 l\u2019architecte, comment communiquer? Une exp\u00e9rience \u00e0 Sal\u00e9, Maroc, p. 317-332<\/p>\n<p><strong>Volume 10 (1994), n\u00b0 4<\/strong>\u00a0<em>Children and the City (I) \/ L\u2019Enfant et la ville (I)<\/em><\/p>\n<p>(<a href=\"https:\/\/www.epfl.ch\/labs\/lasur\/wp-content\/uploads\/2018\/05\/NOSCHIS_en-v10n4.pdf\" target=\"_blank\" rel=\"noreferrer noopener\" aria-label=\"pdf (s\u2019ouvre dans un nouvel onglet)\">pdf<\/a>) NOSCHIS, Kaj, The Urban Child: Introduction, p. 343-360<\/p>\n<p><a href=\"https:\/\/www.epfl.ch\/labs\/lasur\/wp-content\/uploads\/2018\/05\/NOSCHIS_fr-v10n4.pdf\" target=\"_blank\" rel=\"noreferrer noopener\" aria-label=\"(pdf (s\u2019ouvre dans un nouvel onglet)\">(pdf<\/a>) NOSCHIS, Kaj, L\u2019enfant urbain: Introduction, p. 343-360<\/p>\n<p>(<a href=\"https:\/\/www.epfl.ch\/labs\/lasur\/wp-content\/uploads\/2018\/05\/ILTUSandHART.pdf\" target=\"_blank\" rel=\"noreferrer noopener\" aria-label=\"pdf (s\u2019ouvre dans un nouvel onglet)\">pdf<\/a>) ILTUS, Selim &amp; HART, Roger, Participatory Planning and Design of Recreational Spaces with Children, p. 361-370<\/p>\n<p>(<a href=\"https:\/\/www.epfl.ch\/labs\/lasur\/wp-content\/uploads\/2018\/05\/HORELLI.pdf\" target=\"_blank\" rel=\"noreferrer noopener\" aria-label=\"pdf (s\u2019ouvre dans un nouvel onglet)\">pdf<\/a>) HORELLI, Liisa, Children as Urban Planners, p. 371-378<\/p>\n<p>(<a href=\"https:\/\/www.epfl.ch\/labs\/lasur\/wp-content\/uploads\/2018\/05\/LEEandROWE.pdf\" target=\"_blank\" rel=\"noreferrer noopener\" aria-label=\"pdf (s\u2019ouvre dans un nouvel onglet)\">pdf<\/a>) LEE, Terence &amp; ROWE, Natacha, Parents\u2019 and Children\u2019s Perceived Risks of the Journey to School, p. 379-390<\/p>\n<p>(<a href=\"https:\/\/www.epfl.ch\/labs\/lasur\/wp-content\/uploads\/2018\/05\/BONANOMI.pdf\" target=\"_blank\" rel=\"noreferrer noopener\" aria-label=\"pdf (s\u2019ouvre dans un nouvel onglet)\">pdf<\/a>) BONANOMI, Lydia, L\u2019enfant et la travers\u00e9e de la chauss\u00e9e, p. 391-398<\/p>\n<p>(<a href=\"https:\/\/www.epfl.ch\/labs\/lasur\/wp-content\/uploads\/2018\/05\/BJORKLID.pdf\" target=\"_blank\" rel=\"noreferrer noopener\" aria-label=\"pdf (s\u2019ouvre dans un nouvel onglet)\">pdf<\/a>) BJ\u00d6RKLID, Pia, Children \u2013 Traffic \u2013 Environment, p. 399-406<\/p>\n<p>(<a href=\"https:\/\/www.epfl.ch\/labs\/lasur\/wp-content\/uploads\/2018\/05\/MOORE.pdf\" target=\"_blank\" rel=\"noreferrer noopener\" aria-label=\"pdf (s\u2019ouvre dans un nouvel onglet)\">pdf<\/a>) MOORE, Gary T., Quality Assessment and Planning for Children, p. 407-416<\/p>\n<p>(<a href=\"https:\/\/www.epfl.ch\/labs\/lasur\/wp-content\/uploads\/2018\/05\/PRESSMAN-v10n4.pdf\" target=\"_blank\" rel=\"noreferrer noopener\" aria-label=\"pdf (s\u2019ouvre dans un nouvel onglet)\">pdf<\/a>) PRESSMAN,Norman, Climatic Factors in Play Areas and Public Space , p. 417-427<\/p>\n<p><strong>Volume 11 (1995), n\u00b0 1<\/strong>\u00a0<em>Children and the City (II) \/ L\u2019Enfant et la ville (II)<br \/>Nature in the City \/ Nature en ville<\/em><\/p>\n<p>(<a href=\"https:\/\/www.epfl.ch\/labs\/lasur\/wp-content\/uploads\/2018\/05\/SKANTZE.pdf\" target=\"_blank\" rel=\"noreferrer noopener\" aria-label=\"pdf (s\u2019ouvre dans un nouvel onglet)\">pdf<\/a>) SKANTZE, Ann, Experiencing and Interpreting City Architecture, p. 5-10<\/p>\n<p>(<a href=\"https:\/\/www.epfl.ch\/labs\/lasur\/wp-content\/uploads\/2018\/05\/CHAWLA.pdf\" target=\"_blank\" rel=\"noreferrer noopener\" aria-label=\"pdf (s\u2019ouvre dans un nouvel onglet)\">pdf<\/a>) CHAWLA, Louise, Revisioning Childhood, Nature and the City, p. 11-18<\/p>\n<p>(<a href=\"https:\/\/www.epfl.ch\/labs\/lasur\/wp-content\/uploads\/2018\/05\/NORDSTROM-v11n1.pdf\" target=\"_blank\" rel=\"noreferrer noopener\" aria-label=\"pdf (s\u2019ouvre dans un nouvel onglet)\">pdf<\/a>) NORDSTR\u00d6M, Maria, Childhood Environmental Memories, p. 19-26<\/p>\n<p>(<a href=\"https:\/\/www.epfl.ch\/labs\/lasur\/wp-content\/uploads\/2018\/05\/KRANTZandRASMUSSON.pdf\" target=\"_blank\" rel=\"noreferrer noopener\" aria-label=\"pdf (s\u2019ouvre dans un nouvel onglet)\">pdf<\/a>) KRANTZ, Birgit &amp; RASMUNSSON, Bodil, Changing Perspectives on Children and the Urban Environment, p. 27-34<\/p>\n<p>(<a href=\"https:\/\/www.epfl.ch\/labs\/lasur\/wp-content\/uploads\/2018\/05\/GASTER.pdf\" target=\"_blank\" rel=\"noreferrer noopener\" aria-label=\"pdf (s\u2019ouvre dans un nouvel onglet)\">pdf<\/a>) GASTER, Sanford, Rethinking the Children\u2019s Home-Range Concept, p. 35-42<\/p>\n<p>(<a href=\"https:\/\/www.epfl.ch\/labs\/lasur\/wp-content\/uploads\/2018\/05\/BASSAND-v11n1.pdf\" target=\"_blank\" rel=\"noreferrer noopener\" aria-label=\"pdf (s\u2019ouvre dans un nouvel onglet)\">pdf<\/a>) BASSAND, Michel, L\u2019enfant et la dynamique urbaine: approche sociologique, p. 43-54<\/p>\n<p>(<a href=\"https:\/\/www.epfl.ch\/labs\/lasur\/wp-content\/uploads\/2018\/05\/GERMANOS.pdf\" target=\"_blank\" rel=\"noreferrer noopener\" aria-label=\"pdf (s\u2019ouvre dans un nouvel onglet)\">pdf<\/a>) GERMANOS, Dimitri, La relation de l\u2019enfant \u00e0 l\u2019espace urbain. Perspectives \u00e9ducatives et culturelles, p. 55-62<\/p>\n<p>(<a href=\"https:\/\/www.epfl.ch\/labs\/lasur\/wp-content\/uploads\/2018\/05\/TSOUKALA.pdf\" target=\"_blank\" rel=\"noreferrer noopener\" aria-label=\"pdf (s\u2019ouvre dans un nouvel onglet)\">pdf<\/a>) TSOUKALA, Kyriaki, La ville en tant qu\u2019environnement d\u2019exp\u00e9riences pour l\u2019enfant, p. 63-68<\/p>\n<p>(<a href=\"https:\/\/www.epfl.ch\/labs\/lasur\/wp-content\/uploads\/2018\/05\/COULOMB.pdf\" target=\"_blank\" rel=\"noreferrer noopener\" aria-label=\"pdf (s\u2019ouvre dans un nouvel onglet)\">pdf<\/a>) COULOMB, Annie, L\u2019enfant, la ville, quel quotidien ? p. 69-78<\/p>\n<p><strong>Volume 11 (1995), n\u00b0 2<\/strong><\/p>\n<p>(<a href=\"https:\/\/www.epfl.ch\/labs\/lasur\/wp-content\/uploads\/2018\/05\/ADACHIandBONNIN.pdf\" target=\"_blank\" rel=\"noreferrer noopener\" aria-label=\"pdf (s\u2019ouvre dans un nouvel onglet)\">pdf<\/a>) ADACHI, Fujio &amp; BONNIN, Philippe, Transformations de la maison dans le Hokka\u00efd\u00f4, 1950-1991, p. 95-122<\/p>\n<p>(<a href=\"https:\/\/www.epfl.ch\/labs\/lasur\/wp-content\/uploads\/2018\/05\/COOPERandRODMAN.pdf\" target=\"_blank\" rel=\"noreferrer noopener\" aria-label=\"pdf (s\u2019ouvre dans un nouvel onglet)\">pdf<\/a>) COOPER, Matthew &amp; RODMAN, Margaret, Culture and Spatial Boundaries: Cooperative and Non-Profit Housing in Canada, p. 123-138<\/p>\n<p>(<a href=\"https:\/\/www.epfl.ch\/labs\/lasur\/wp-content\/uploads\/2018\/05\/BEISI.pdf\" target=\"_blank\" rel=\"noreferrer noopener\" aria-label=\"pdf (s\u2019ouvre dans un nouvel onglet)\">pdf<\/a>) BEISI, Jia, Adaptable Housing or Adaptable People ? p. 139-162<\/p>\n<p>(<a href=\"https:\/\/www.epfl.ch\/labs\/lasur\/wp-content\/uploads\/2018\/05\/KAITILLA-v11n2.pdf\" target=\"_blank\" rel=\"noreferrer noopener\" aria-label=\"pdf (s\u2019ouvre dans un nouvel onglet)\">pdf<\/a>) KAITILLA, Sababu, Effects of Development on Human Behaviour, p. 163-170<\/p>\n<p><strong>Volume 11 (1995), n\u00b0 3&amp;4\u00a0<\/strong><em>Faith and the Built Environment<br \/>\/ Foi et environnement construit<\/em><\/p>\n<p>(<a href=\"https:\/\/www.epfl.ch\/labs\/lasur\/wp-content\/uploads\/2018\/05\/OZKAN_en.pdf\" target=\"_blank\" rel=\"noreferrer noopener\" aria-label=\"pdf (s\u2019ouvre dans un nouvel onglet)\">pdf<\/a>) \u00d6zkan , Suha, Faith, Culture and Architecture: Introduction, p. 181-186<\/p>\n<p>(<a href=\"https:\/\/www.epfl.ch\/labs\/lasur\/wp-content\/uploads\/2018\/05\/OZKAN_fr.pdf\" target=\"_blank\" rel=\"noreferrer noopener\" aria-label=\"pdf (s\u2019ouvre dans un nouvel onglet)\">pdf<\/a>) \u00d6zkan , Suha, Foi, culture et architecture: Introduction, p. 187-192<\/p>\n<p>(<a href=\"https:\/\/www.epfl.ch\/labs\/lasur\/wp-content\/uploads\/2018\/05\/SERAGELDIN.pdf\" target=\"_blank\" rel=\"noreferrer noopener\" aria-label=\"pdf (s\u2019ouvre dans un nouvel onglet)\">pdf<\/a>) SERAGELDIN, Ismail, Architecture and Behaviour: The Built Environment of Muslims, p. 193-206<\/p>\n<p>(<a href=\"https:\/\/www.epfl.ch\/labs\/lasur\/wp-content\/uploads\/2018\/05\/KUBAN.pdf\" target=\"_blank\" rel=\"noreferrer noopener\" aria-label=\"pdf (s\u2019ouvre dans un nouvel onglet)\">pdf<\/a>) KUBAN, Dogan, Perspectives on Islamic History and Art, p. 207-214<\/p>\n<p>(<a href=\"https:\/\/www.epfl.ch\/labs\/lasur\/wp-content\/uploads\/2018\/05\/STAMBOULI.pdf\" target=\"_blank\" rel=\"noreferrer noopener\" aria-label=\"pdf (s\u2019ouvre dans un nouvel onglet)\">pdf<\/a>) STAMBOULI, Frej, La crise s\u00e9miotique de l\u2019espace dans le Maghreb contemporain, p. 215-220<\/p>\n<p>(<a href=\"https:\/\/www.epfl.ch\/labs\/lasur\/wp-content\/uploads\/2018\/05\/SELIM_HAKIM.pdf\" target=\"_blank\" rel=\"noreferrer noopener\" aria-label=\"pdf (s\u2019ouvre dans un nouvel onglet)\">pdf<\/a>) SELIM HAKIM, Besim, Missing Elements for a Theory of Urban Form in Traditional Islamic Cultures, p. 221-226<\/p>\n<p>(<a href=\"https:\/\/www.epfl.ch\/labs\/lasur\/wp-content\/uploads\/2018\/05\/IMAMOGLU.pdf\" target=\"_blank\" rel=\"noreferrer noopener\" aria-label=\"pdf (s\u2019ouvre dans un nouvel onglet)\">pdf<\/a>) IMAMOGLU, Vacit, A Syntehsis of Muslim Faith and Secularity: the Anatolian Case, p. 227-234<\/p>\n<p>(<a href=\"https:\/\/www.epfl.ch\/labs\/lasur\/wp-content\/uploads\/2018\/05\/GELANI.pdf\" target=\"_blank\" rel=\"noreferrer noopener\" aria-label=\"pdf (s\u2019ouvre dans un nouvel onglet)\">pdf<\/a>) GELANI, Ikram, Muslim Housing as Built Environment for Promoting Muslim Societal Behaviour, p. 235-242<\/p>\n<p>(<a href=\"https:\/\/www.epfl.ch\/labs\/lasur\/wp-content\/uploads\/2018\/05\/HAIDER.pdf\" target=\"_blank\" rel=\"noreferrer noopener\" aria-label=\"pdf (s\u2019ouvre dans un nouvel onglet)\">pdf<\/a>) HAIDER, G\u00fclzar, Faith is the Architect: Reflections on the Mosque, p. 243-248<\/p>\n<p>(<a href=\"https:\/\/www.epfl.ch\/labs\/lasur\/wp-content\/uploads\/2018\/05\/SALEH.pdf\" target=\"_blank\" rel=\"noreferrer noopener\" aria-label=\"pdf (s\u2019ouvre dans un nouvel onglet)\">pdf<\/a>) SALEH, Mohammad A.E., Islam and the Built Environment: Vernacularism as an Environmental Ethic, p. 249-268<\/p>\n<p>(<a href=\"https:\/\/www.epfl.ch\/labs\/lasur\/wp-content\/uploads\/2018\/05\/ABU-GAZZEH.pdf\" target=\"_blank\" rel=\"noreferrer noopener\" aria-label=\"pdf (s\u2019ouvre dans un nouvel onglet)\">pdf<\/a>) ABU-GAZZEH, Tawfik, Privacy as the Basis of Architectural Planning in the Islamic Culture of Saudi Arabia, p. 269-288<\/p>\n<p>(<a href=\"https:\/\/www.epfl.ch\/labs\/lasur\/wp-content\/uploads\/2018\/05\/JENCKS.pdf\" target=\"_blank\" rel=\"noreferrer noopener\" aria-label=\"pdf (s\u2019ouvre dans un nouvel onglet)\">pdf<\/a>) JENCKS, Charles, The Third Way between Fundamentalism and Westernisation, p. 289-298<\/p>\n\n\n<p><\/p>\n\n\n<p><!--StartFragment--><\/p>\n\n\n<p><\/p>\n\n\n<p><!--EndFragment--><\/p>","protected":false},"excerpt":{"rendered":"<p>FREE ACCESS AND DOWNLOADING OF ALL ARTICLES OF THE JOURNAL ARCHITECTURE &amp; COMPORTEMENT \/ ARCHITECTURE &amp; BEHAVIOUR Architecture &amp; Behaviour is a scientific quaterly that was published by the Association de la revue Architecture &amp; Comportement (EPFL, Lausanne, Suisse) from 1981 to 1995 on all aspects of the relationship between the built environment and its &hellip; <\/p>\n<p class=\"link-more\"><a href=\"https:\/\/comportements.ch\/en\/journal-architecture-behaviour-2\/\" class=\"more-link\">Continue reading<span class=\"screen-reader-text\"> &#8220;Journal Architecture &#038; Behaviour&#8221;<\/span><\/a><\/p>\n","protected":false},"author":1,"featured_media":0,"parent":0,"menu_order":0,"comment_status":"closed","ping_status":"closed","template":"","meta":{"footnotes":""},"class_list":["post-843","page","type-page","status-publish","hentry","entry"],"_links":{"self":[{"href":"https:\/\/comportements.ch\/en\/wp-json\/wp\/v2\/pages\/843","targetHints":{"allow":["GET"]}}],"collection":[{"href":"https:\/\/comportements.ch\/en\/wp-json\/wp\/v2\/pages"}],"about":[{"href":"https:\/\/comportements.ch\/en\/wp-json\/wp\/v2\/types\/page"}],"author":[{"embeddable":true,"href":"https:\/\/comportements.ch\/en\/wp-json\/wp\/v2\/users\/1"}],"replies":[{"embeddable":true,"href":"https:\/\/comportements.ch\/en\/wp-json\/wp\/v2\/comments?post=843"}],"version-history":[{"count":20,"href":"https:\/\/comportements.ch\/en\/wp-json\/wp\/v2\/pages\/843\/revisions"}],"predecessor-version":[{"id":1094,"href":"https:\/\/comportements.ch\/en\/wp-json\/wp\/v2\/pages\/843\/revisions\/1094"}],"wp:attachment":[{"href":"https:\/\/comportements.ch\/en\/wp-json\/wp\/v2\/media?parent=843"}],"curies":[{"name":"wp","href":"https:\/\/api.w.org\/{rel}","templated":true}]}}