{"id":731,"date":"2019-10-31T20:04:22","date_gmt":"2019-10-31T20:04:22","guid":{"rendered":"https:\/\/comportements.ch\/?page_id=731"},"modified":"2019-11-07T18:20:10","modified_gmt":"2019-11-07T18:20:10","slug":"other-published-books","status":"publish","type":"page","link":"https:\/\/comportements.ch\/en\/other-published-books\/","title":{"rendered":"Other published books"},"content":{"rendered":"\n<div class=\"wp-block-mybooktable-book-series\"> <div id=\"mbt-container\"> <div class=\"mbt-book-archive\"><header class=\"mbt-book-archive-header\"><div class=\"mbt-book-archive-title\">Comportements Publishers : Other published books<\/div><div style=\"clear:both;\"><\/div><\/header> <div class=\"mbt-book-archive-books\"> <div itemscope itemtype=\"https:\/\/schema.org\/Book\" id=\"post-744\" class=\"mbt-book mbt-book-excerpt\"><div class=\"mbt-book-images \"><a href=\"https:\/\/comportements.ch\/en\/books\/pour-une-ville-qui-ne-fasse-pas-violence-aux-enfants\/\"><img decoding=\"async\" alt=\"Pour une ville qui ne fasse pas violence aux enfants\" class=\" mbt-book-image\" src=\"https:\/\/comportements.ch\/wp-content\/uploads\/2019\/11\/BSkrivanViolen2003-582x800.jpg\"><\/a><\/div><div class=\"mbt-book-right\"><h2 class=\"mbt-book-title\" itemprop=\"name\">\r\n\t<a href=\"https:\/\/comportements.ch\/en\/books\/pour-une-ville-qui-ne-fasse-pas-violence-aux-enfants\/\">Pour une ville qui ne fasse pas violence aux enfants<\/a>\r\n<\/h2><div class=\"mbt-book-meta\">\r\n\t<span class=\"mbt-meta-item mbt-meta-mbt_author\"><span class=\"mbt-meta-title\">Author:<\/span> <a href=\"https:\/\/comportements.ch\/en\/authors\/monique-skrivan\/\">Monique Skrivan<\/a><\/span><br>\t<span class=\"mbt-meta-item mbt-meta-series\"><span class=\"mbt-meta-title\">Series:<\/span> <a href=\"https:\/\/comportements.ch\/en\/series\/other-published-books\/\">Comportements Publishers : Other published books<\/a>, Book 1<\/span><br>\t\t<\/div><div itemprop=\"description\" class=\"mbt-book-blurb\">\r\n\t<p>Violences urbaines, violences en culottes courtes; mais de quel c\u00f4t\u00e9 sont les incivilit\u00e9s? Invitation \u00e0 aller plus loin.<\/p>\n<p><strong>Monique Skrivan, Sous la responsabilit\u00e9 de\u00a0<\/strong><\/p>\n<p>Actes du Colloque, Mus\u00e9e Olympique, Lausanne, 2003<\/p>\n <a href=\"https:\/\/comportements.ch\/en\/books\/pour-une-ville-qui-ne-fasse-pas-violence-aux-enfants\/\" class=\"mbt-read-more\">More info \u2192<\/a><\/div><\/div><div style=\"clear:both;\"><\/div>\r\n<\/div><div itemscope itemtype=\"https:\/\/schema.org\/Book\" id=\"post-751\" class=\"mbt-book mbt-book-excerpt\"><div class=\"mbt-book-images \"><a href=\"https:\/\/comportements.ch\/en\/books\/architectural-education-today-cross-cultural-perspectives\/\"><img decoding=\"async\" alt=\"Architectural Education Today &#8211; Cross-Cultural Perspectives\" class=\" mbt-book-image\" src=\"https:\/\/comportements.ch\/wp-content\/uploads\/2019\/10\/architectural-education-today-546x800.jpg\"><\/a><\/div><div class=\"mbt-book-right\"><h2 class=\"mbt-book-title\" itemprop=\"name\">\r\n\t<a href=\"https:\/\/comportements.ch\/en\/books\/architectural-education-today-cross-cultural-perspectives\/\">Architectural Education Today &#8211; Cross-Cultural Perspectives<\/a>\r\n<\/h2><div class=\"mbt-book-meta\">\r\n\t<span class=\"mbt-meta-item mbt-meta-mbt_author\"><span class=\"mbt-meta-title\">Authors:<\/span> <a href=\"https:\/\/comportements.ch\/en\/authors\/ashraf-m-salama-en\/\">Ashraf M. Salama<\/a>, <a href=\"https:\/\/comportements.ch\/en\/authors\/kaj-noschis-en\/\">Kaj Noschis<\/a>, <a href=\"https:\/\/comportements.ch\/en\/authors\/wiliam-oreilly\/\">Wiliam O&#039;Reilly<\/a><\/span><br>\t<span class=\"mbt-meta-item mbt-meta-series\"><span class=\"mbt-meta-title\">Series:<\/span> <a href=\"https:\/\/comportements.ch\/en\/series\/other-published-books\/\">Comportements Publishers : Other published books<\/a>, Book 2<\/span><br>\t\t<\/div><div itemprop=\"description\" class=\"mbt-book-blurb\">\r\n\t<p class=\"Style8\"><strong>Ashraf M.A.Salama, William O'Reilly &amp; Kaj Noschis, Editors<\/strong><br \/>\nArchitectural Education Today - Cross-Cultural Perspectives<\/p>\n<h4 class=\"Style8\">Proceedings of the 8th Architecture &amp; Behaviour Colloquium,<\/h4>\n<p>Monte Verit\u00e0, Ascona, Ticino, Switzerland, 2002<\/p>\n <a href=\"https:\/\/comportements.ch\/en\/books\/architectural-education-today-cross-cultural-perspectives\/\" class=\"mbt-read-more\">More info \u2192<\/a><\/div><\/div><div style=\"clear:both;\"><\/div>\r\n<\/div><div itemscope itemtype=\"https:\/\/schema.org\/Book\" id=\"post-750\" class=\"mbt-book mbt-book-excerpt\"><div class=\"mbt-book-images \"><a href=\"https:\/\/comportements.ch\/en\/books\/architectural-knowledge-and-cultural-diversity\/\"><img decoding=\"async\" alt=\"Architectural Knowledge and Cultural Diversity\" class=\" mbt-book-image\" src=\"https:\/\/comportements.ch\/wp-content\/uploads\/2019\/11\/BOReillyCult1999-581x800.jpg\"><\/a><\/div><div class=\"mbt-book-right\"><h2 class=\"mbt-book-title\" itemprop=\"name\">\r\n\t<a href=\"https:\/\/comportements.ch\/en\/books\/architectural-knowledge-and-cultural-diversity\/\">Architectural Knowledge and Cultural Diversity<\/a>\r\n<\/h2><div class=\"mbt-book-meta\">\r\n\t<span class=\"mbt-meta-item mbt-meta-mbt_author\"><span class=\"mbt-meta-title\">Author:<\/span> <a href=\"https:\/\/comportements.ch\/en\/authors\/wiliam-oreilly\/\">Wiliam O&#039;Reilly<\/a><\/span><br>\t<span class=\"mbt-meta-item mbt-meta-series\"><span class=\"mbt-meta-title\">Series:<\/span> <a href=\"https:\/\/comportements.ch\/en\/series\/other-published-books\/\">Comportements Publishers : Other published books<\/a>, Book 3<\/span><br>\t\t<\/div><div itemprop=\"description\" class=\"mbt-book-blurb\">\r\n\t<p class=\"Style8\"><strong>William O'Reilly, Editor<\/strong><br \/>\nArchitectural Knowledge and Cultural Diversity<\/p>\n<h4 class=\"Style8\">Proceedings of the 5th Architecture &amp; Behaviour Colloquium<\/h4>\n<p>Monte Verit\u00e0, Ascona, Ticino, Switzerland, 1999<\/p>\n <a href=\"https:\/\/comportements.ch\/en\/books\/architectural-knowledge-and-cultural-diversity\/\" class=\"mbt-read-more\">More info \u2192<\/a><\/div><\/div><div style=\"clear:both;\"><\/div>\r\n<\/div><div itemscope itemtype=\"https:\/\/schema.org\/Book\" id=\"post-745\" class=\"mbt-book mbt-book-excerpt\"><div class=\"mbt-book-images \"><a href=\"https:\/\/comportements.ch\/en\/books\/mise-en-scene-de-la-vie-urbaine\/\"><img decoding=\"async\" alt=\"Mise en sc\u00e8ne de la vie urbaine\" class=\" mbt-book-image\" src=\"https:\/\/comportements.ch\/wp-content\/uploads\/2019\/11\/BMiseScene1999-582x800.jpg\"><\/a><\/div><div class=\"mbt-book-right\"><h2 class=\"mbt-book-title\" itemprop=\"name\">\r\n\t<a href=\"https:\/\/comportements.ch\/en\/books\/mise-en-scene-de-la-vie-urbaine\/\">Mise en sc\u00e8ne de la vie urbaine<\/a>\r\n<\/h2><div class=\"mbt-book-meta\">\r\n\t<span class=\"mbt-meta-item mbt-meta-mbt_author\"><span class=\"mbt-meta-title\">Author:<\/span> <a href=\"https:\/\/comportements.ch\/authors\/kaj-noschis\/\">Kaj Noschis<\/a><\/span><br>\t<span class=\"mbt-meta-item mbt-meta-series\"><span class=\"mbt-meta-title\">Series:<\/span> <a href=\"https:\/\/comportements.ch\/en\/series\/other-published-books\/\">Comportements Publishers : Other published books<\/a>, Book 4<\/span><br>\t\t<\/div><div itemprop=\"description\" class=\"mbt-book-blurb\">\r\n\t<p class=\"Style8\"><strong>Sous la responsabilit\u00e9 de\u00a0 Kaj Noschis<\/strong><br \/>\nMise en sc\u00e8ne de la vie urbaine<\/p>\n<h4 class=\"Style8\">Actes du 6\u00e8me Colloque Architecture &amp; Comportement,<\/h4>\n<p>Monte Verit\u00e0, Ascona, Ticino, Suisse, 1999<\/p>\n <a href=\"https:\/\/comportements.ch\/en\/books\/mise-en-scene-de-la-vie-urbaine\/\" class=\"mbt-read-more\">More info \u2192<\/a><\/div><\/div><div style=\"clear:both;\"><\/div>\r\n<\/div><div itemscope itemtype=\"https:\/\/schema.org\/Book\" id=\"post-747\" class=\"mbt-book mbt-book-excerpt\"><div class=\"mbt-book-images \"><a href=\"https:\/\/comportements.ch\/en\/books\/lespace-vital-de-lenfant-ou-la-ville-et-lenfant\/\"><img decoding=\"async\" alt=\"L&#8217;espace vital de l&#8217;enfant ou La ville et l&#8217;enfant\" class=\" mbt-book-image\" src=\"https:\/\/comportements.ch\/wp-content\/uploads\/2019\/11\/BSkrivanVital1999-582x800.jpg\"><\/a><\/div><div class=\"mbt-book-right\"><h2 class=\"mbt-book-title\" itemprop=\"name\">\r\n\t<a href=\"https:\/\/comportements.ch\/en\/books\/lespace-vital-de-lenfant-ou-la-ville-et-lenfant\/\">L&#8217;espace vital de l&#8217;enfant ou La ville et l&#8217;enfant<\/a>\r\n<\/h2><div class=\"mbt-book-meta\">\r\n\t<span class=\"mbt-meta-item mbt-meta-mbt_author\"><span class=\"mbt-meta-title\">Author:<\/span> <a href=\"https:\/\/comportements.ch\/en\/authors\/monique-skrivan\/\">Monique Skrivan<\/a><\/span><br>\t<span class=\"mbt-meta-item mbt-meta-series\"><span class=\"mbt-meta-title\">Series:<\/span> <a href=\"https:\/\/comportements.ch\/en\/series\/other-published-books\/\">Comportements Publishers : Other published books<\/a>, Book 5<\/span><br>\t\t<\/div><div itemprop=\"description\" class=\"mbt-book-blurb\">\r\n\t<p>L'espace vital de l'enfant ou La ville et l'enfant<\/p>\n<p><strong>Monique Skrivan, Sous la responsabilit\u00e9 de\u00a0<\/strong><\/p>\n<p>Actes du Colloque, Mus\u00e9e Olympique, Lausanne, 1999<\/p>\n <a href=\"https:\/\/comportements.ch\/en\/books\/lespace-vital-de-lenfant-ou-la-ville-et-lenfant\/\" class=\"mbt-read-more\">More info \u2192<\/a><\/div><\/div><div style=\"clear:both;\"><\/div>\r\n<\/div><div itemscope itemtype=\"https:\/\/schema.org\/Book\" id=\"post-749\" class=\"mbt-book mbt-book-excerpt\"><div class=\"mbt-book-images \"><a href=\"https:\/\/comportements.ch\/en\/books\/architecture-and-teaching-epistemological-foundations\/\"><img decoding=\"async\" alt=\"Architecture and Teaching &#8211; Epistemological Foundations \/ Architecture et enseignement &#8211; Fondements \u00e9pist\u00e9mologiques\" class=\" mbt-book-image\" src=\"https:\/\/comportements.ch\/wp-content\/uploads\/2019\/11\/BDuninEpist1998-581x800.jpg\"><\/a><\/div><div class=\"mbt-book-right\"><h2 class=\"mbt-book-title\" itemprop=\"name\">\r\n\t<a href=\"https:\/\/comportements.ch\/en\/books\/architecture-and-teaching-epistemological-foundations\/\">Architecture and Teaching &#8211; Epistemological Foundations \/ Architecture et enseignement &#8211; Fondements \u00e9pist\u00e9mologiques<\/a>\r\n<\/h2><div class=\"mbt-book-meta\">\r\n\t<span class=\"mbt-meta-item mbt-meta-mbt_author\"><span class=\"mbt-meta-title\">Authors:<\/span> <a href=\"https:\/\/comportements.ch\/en\/authors\/halina-dunin-woyseth\/\">Halina Dunin-Woyseth<\/a>, <a href=\"https:\/\/comportements.ch\/authors\/kaj-noschis\/\">Kaj Noschis<\/a><\/span><br>\t<span class=\"mbt-meta-item mbt-meta-series\"><span class=\"mbt-meta-title\">Series:<\/span> <a href=\"https:\/\/comportements.ch\/en\/series\/other-published-books\/\">Comportements Publishers : Other published books<\/a>, Book 6<\/span><br>\t\t<\/div><div itemprop=\"description\" class=\"mbt-book-blurb\">\r\n\t<p class=\"Style8\"><strong>Halina Dunin-Woyseth &amp; Kaj Noschis, Editors<\/strong><br \/>\nArchitecture and Teaching, Epistemological Foundations \/Architecture et enseignement - Fondements \u00e9pist\u00e9mologiques<\/p>\n<h4 class=\"Style8\">Proceedings of the 4th Architecture &amp; Behaviour Colloquium,<\/h4>\n<h4><strong>Actes du 4\u00e8me Colloque Architecture &amp; Comportement<\/strong><\/h4>\n<p>Monte Verit\u00e0, Ascona, Ticino, Switzerland, Suisse, 1998<\/p>\n <a href=\"https:\/\/comportements.ch\/en\/books\/architecture-and-teaching-epistemological-foundations\/\" class=\"mbt-read-more\">More info \u2192<\/a><\/div><\/div><div style=\"clear:both;\"><\/div>\r\n<\/div><div itemscope itemtype=\"https:\/\/schema.org\/Book\" id=\"post-748\" class=\"mbt-book mbt-book-excerpt\"><div class=\"mbt-book-images \"><a href=\"https:\/\/comportements.ch\/en\/books\/faith-and-the-built-environment\/\"><img decoding=\"async\" alt=\"Faith and the Built Environment\" class=\" mbt-book-image\" src=\"https:\/\/comportements.ch\/wp-content\/uploads\/2019\/11\/BFaithOzkan1996-582x800.jpg\"><\/a><\/div><div class=\"mbt-book-right\"><h2 class=\"mbt-book-title\" itemprop=\"name\">\r\n\t<a href=\"https:\/\/comportements.ch\/en\/books\/faith-and-the-built-environment\/\">Faith and the Built Environment<\/a>\r\n<\/h2><div class=\"mbt-book-meta\">\r\n\t<span class=\"mbt-meta-item mbt-meta-mbt_author\"><span class=\"mbt-meta-title\">Author:<\/span> <a href=\"https:\/\/comportements.ch\/en\/authors\/suha-ozkan\/\">Suha Ozkan<\/a><\/span><br>\t<span class=\"mbt-meta-item mbt-meta-series\"><span class=\"mbt-meta-title\">Series:<\/span> <a href=\"https:\/\/comportements.ch\/en\/series\/other-published-books\/\">Comportements Publishers : Other published books<\/a>, Book 7<\/span><br>\t\t<\/div><div itemprop=\"description\" class=\"mbt-book-blurb\">\r\n\t<p><strong>Suha Ozkan, Editor<\/strong><br \/>\nFaith and the Built Environment. Architecture and Behaviour in Islamic cultures<\/p>\n <a href=\"https:\/\/comportements.ch\/en\/books\/faith-and-the-built-environment\/\" class=\"mbt-read-more\">More info \u2192<\/a><\/div><\/div><div style=\"clear:both;\"><\/div>\r\n<\/div><div itemscope itemtype=\"https:\/\/schema.org\/Book\" id=\"post-746\" class=\"mbt-book mbt-book-excerpt\"><div class=\"mbt-book-images \"><a href=\"https:\/\/comportements.ch\/en\/books\/children-and-the-city\/\"><img decoding=\"async\" alt=\"Les enfants et la ville \/ Children and the City\" class=\" mbt-book-image\" src=\"https:\/\/comportements.ch\/wp-content\/uploads\/2019\/11\/BEnfVille1995-582x800.jpg\"><\/a><\/div><div class=\"mbt-book-right\"><h2 class=\"mbt-book-title\" itemprop=\"name\">\r\n\t<a href=\"https:\/\/comportements.ch\/en\/books\/children-and-the-city\/\">Les enfants et la ville \/ Children and the City<\/a>\r\n<\/h2><div class=\"mbt-book-meta\">\r\n\t<span class=\"mbt-meta-item mbt-meta-mbt_author\"><span class=\"mbt-meta-title\">Author:<\/span> <a href=\"https:\/\/comportements.ch\/authors\/kaj-noschis\/\">Kaj Noschis<\/a><\/span><br>\t<span class=\"mbt-meta-item mbt-meta-series\"><span class=\"mbt-meta-title\">Series:<\/span> <a href=\"https:\/\/comportements.ch\/en\/series\/other-published-books\/\">Comportements Publishers : Other published books<\/a>, Book 8<\/span><br>\t\t<\/div><div itemprop=\"description\" class=\"mbt-book-blurb\">\r\n\t<p class=\"Style8\"><strong>Sous la responsabilit\u00e9 de\u00a0 Kaj Noschis<\/strong><br \/>\nMise en sc\u00e8ne de la vie urbaine<\/p>\n<h4 class=\"Style8\">Actes du 6\u00e8me Colloque Architecture &amp; Comportement,<\/h4>\n<p>Monte Verit\u00e0, Ascona, Ticino, Suisse, 1999<\/p>\n <a href=\"https:\/\/comportements.ch\/en\/books\/children-and-the-city\/\" class=\"mbt-read-more\">More info \u2192<\/a><\/div><\/div><div style=\"clear:both;\"><\/div>\r\n<\/div> <\/div> <\/div> <\/div> <\/div>\n","protected":false},"excerpt":{"rendered":"","protected":false},"author":2,"featured_media":0,"parent":0,"menu_order":0,"comment_status":"closed","ping_status":"closed","template":"","meta":{"footnotes":""},"class_list":["post-731","page","type-page","status-publish","hentry","entry"],"_links":{"self":[{"href":"https:\/\/comportements.ch\/en\/wp-json\/wp\/v2\/pages\/731","targetHints":{"allow":["GET"]}}],"collection":[{"href":"https:\/\/comportements.ch\/en\/wp-json\/wp\/v2\/pages"}],"about":[{"href":"https:\/\/comportements.ch\/en\/wp-json\/wp\/v2\/types\/page"}],"author":[{"embeddable":true,"href":"https:\/\/comportements.ch\/en\/wp-json\/wp\/v2\/users\/2"}],"replies":[{"embeddable":true,"href":"https:\/\/comportements.ch\/en\/wp-json\/wp\/v2\/comments?post=731"}],"version-history":[{"count":2,"href":"https:\/\/comportements.ch\/en\/wp-json\/wp\/v2\/pages\/731\/revisions"}],"predecessor-version":[{"id":971,"href":"https:\/\/comportements.ch\/en\/wp-json\/wp\/v2\/pages\/731\/revisions\/971"}],"wp:attachment":[{"href":"https:\/\/comportements.ch\/en\/wp-json\/wp\/v2\/media?parent=731"}],"curies":[{"name":"wp","href":"https:\/\/api.w.org\/{rel}","templated":true}]}}